{"id":15497,"date":"2025-06-23T23:01:54","date_gmt":"2025-06-23T23:01:54","guid":{"rendered":"https:\/\/breastcancer.ca\/centres-regionaux\/"},"modified":"2025-10-09T00:20:50","modified_gmt":"2025-10-09T00:20:50","slug":"centres-regionaux","status":"publish","type":"page","link":"https:\/\/breastcancer.ca\/fr\/centres-regionaux\/","title":{"rendered":"Centres r\u00e9gionaux"},"content":{"rendered":"\t\t<div data-elementor-type=\"wp-page\" data-elementor-id=\"15497\" class=\"elementor elementor-15497 elementor-13313\" data-elementor-post-type=\"page\">\n\t\t\t\t<div class=\"elementor-element elementor-element-14f508b e-flex e-con-boxed e-con e-parent\" data-id=\"14f508b\" data-element_type=\"container\" data-settings=\"{&quot;background_background&quot;:&quot;classic&quot;}\">\n\t\t\t\t\t<div class=\"e-con-inner\">\n\t\t\t\t<div class=\"elementor-element elementor-element-f9bf18a elementor-hidden-mobile elementor-widget elementor-widget-heading\" data-id=\"f9bf18a\" data-element_type=\"widget\" data-widget_type=\"heading.default\">\n\t\t\t\t<div class=\"elementor-widget-container\">\n\t\t\t\t\t<h1 class=\"elementor-heading-title elementor-size-default\">Centres r\u00e9gionaux<\/h1>\t\t\t\t<\/div>\n\t\t\t\t<\/div>\n\t\t\t\t<div class=\"elementor-element elementor-element-0903e42 elementor-widget__width-initial elementor-widget-mobile__width-inherit elementor-hidden-mobile elementor-widget elementor-widget-text-editor\" data-id=\"0903e42\" data-element_type=\"widget\" data-widget_type=\"text-editor.default\">\n\t\t\t\t<div class=\"elementor-widget-container\">\n\t\t\t\t\t\t\t\t\t<p>Nos centres r\u00e9gionaux g\u00e9r\u00e9s par des b\u00e9n\u00e9voles sont une partie int\u00e9grante de Cancer du sein Canada.<\/p>\t\t\t\t\t\t\t\t<\/div>\n\t\t\t\t<\/div>\n\t\t\t\t\t<\/div>\n\t\t\t\t<\/div>\n\t\t<div class=\"elementor-element elementor-element-534df72 e-flex e-con-boxed e-con e-parent\" data-id=\"534df72\" data-element_type=\"container\" data-settings=\"{&quot;background_background&quot;:&quot;classic&quot;}\">\n\t\t\t\t\t<div class=\"e-con-inner\">\n\t\t<div class=\"elementor-element elementor-element-50d893b e-con-full e-flex e-con e-child\" data-id=\"50d893b\" data-element_type=\"container\">\n\t\t<div class=\"elementor-element elementor-element-e3dcde9 e-con-full e-flex e-con e-child\" data-id=\"e3dcde9\" data-element_type=\"container\">\n\t\t<div class=\"elementor-element elementor-element-080cec0 e-con-full e-flex e-con e-child\" data-id=\"080cec0\" data-element_type=\"container\">\n\t\t\t\t<div class=\"elementor-element elementor-element-0c70632 elementor-widget-mobile__width-inherit elementor-widget elementor-widget-heading\" data-id=\"0c70632\" data-element_type=\"widget\" data-widget_type=\"heading.default\">\n\t\t\t\t<div class=\"elementor-widget-container\">\n\t\t\t\t\t<h1 class=\"elementor-heading-title elementor-size-default\">Rendre la recherche locale. <br>G\u00e9n\u00e9rer un impact mesurable \u00e0 l'\u00e9chelle nationale.<\/h1>\t\t\t\t<\/div>\n\t\t\t\t<\/div>\n\t\t\t\t<div class=\"elementor-element elementor-element-5174c87 elementor-widget-mobile__width-inherit elementor-widget-tablet__width-inherit elementor-widget elementor-widget-text-editor\" data-id=\"5174c87\" data-element_type=\"widget\" data-widget_type=\"text-editor.default\">\n\t\t\t\t<div class=\"elementor-widget-container\">\n\t\t\t\t\t\t\t\t\t<p>Nos centres r\u00e9gionaux sont un \u00e9l\u00e9ment essentiel du mouvement de base de Cancer du sein Canada, unissant les communaut\u00e9s d&rsquo;un oc\u00e9an \u00e0 l&rsquo;autre pour soutenir la recherche innovante sur le cancer du sein.<\/p><p>Avec une strat\u00e9gie nationale et un focus local, nos centres permettent aux b\u00e9n\u00e9voles d&rsquo;agir concr\u00e8tement dans leurs propres communaut\u00e9s tout en contribuant \u00e0 la mission plus large de mettre fin au cancer du sein.<\/p><p>Une fonction cl\u00e9 de nos centres r\u00e9gionaux est de soutenir la recherche sur les r\u00e9sultats rapport\u00e9s par les patients. En travaillant avec les centres de canc\u00e9rologie locaux, les b\u00e9n\u00e9voles aident les patients \u00e0 partager leurs exp\u00e9riences\u2014des donn\u00e9es qui orientent les nouvelles priorit\u00e9s de recherche et conduisent \u00e0 l&rsquo;am\u00e9lioration des r\u00e9sultats des traitements. <\/p><p>Notre r\u00e9seau de centres r\u00e9gionaux continue de s&rsquo;\u00e9tendre, cr\u00e9ant davantage d&rsquo;opportunit\u00e9s pour les individus de contribuer par leur temps et leur expertise. Que vous soyez int\u00e9ress\u00e9 par le plaidoyer, la coordination d&rsquo;\u00e9v\u00e9nements ou le soutien \u00e0 la recherche, votre implication a un impact direct sur la vie des patients et l&rsquo;avenir des soins du cancer du sein. <\/p>\t\t\t\t\t\t\t\t<\/div>\n\t\t\t\t<\/div>\n\t\t\t\t<div class=\"elementor-element elementor-element-6d4cc9f elementor-widget elementor-widget-button\" data-id=\"6d4cc9f\" data-element_type=\"widget\" data-widget_type=\"button.default\">\n\t\t\t\t<div class=\"elementor-widget-container\">\n\t\t\t\t\t\t\t\t\t<div class=\"elementor-button-wrapper\">\n\t\t\t\t\t<a class=\"elementor-button elementor-button-link elementor-size-sm\" href=\"#\">\n\t\t\t\t\t\t<span class=\"elementor-button-content-wrapper\">\n\t\t\t\t\t\t\t\t\t<span class=\"elementor-button-text\">S'inscrire<\/span>\n\t\t\t\t\t<\/span>\n\t\t\t\t\t<\/a>\n\t\t\t\t<\/div>\n\t\t\t\t\t\t\t\t<\/div>\n\t\t\t\t<\/div>\n\t\t\t\t<\/div>\n\t\t\t\t<\/div>\n\t\t\t\t<\/div>\n\t\t<div class=\"elementor-element elementor-element-b625ce4 e-con-full e-flex e-con e-child\" data-id=\"b625ce4\" data-element_type=\"container\">\n\t\t<div class=\"elementor-element elementor-element-92d3813 e-con-full e-flex e-con e-child\" data-id=\"92d3813\" data-element_type=\"container\">\n\t\t\t\t<div class=\"elementor-element elementor-element-d686dbe elementor-widget elementor-widget-image\" data-id=\"d686dbe\" data-element_type=\"widget\" data-widget_type=\"image.default\">\n\t\t\t\t<div class=\"elementor-widget-container\">\n\t\t\t\t\t\t\t\t\t\t\t\t\t\t\t<img fetchpriority=\"high\" decoding=\"async\" width=\"576\" height=\"1024\" src=\"https:\/\/breastcancer.ca\/wp-content\/uploads\/2025\/06\/DSC03039-576x1024.webp\" class=\"attachment-large size-large wp-image-15499\" alt=\"\" srcset=\"https:\/\/breastcancer.ca\/wp-content\/uploads\/2025\/06\/DSC03039-576x1024.webp 576w, https:\/\/breastcancer.ca\/wp-content\/uploads\/2025\/06\/DSC03039-169x300.webp 169w, https:\/\/breastcancer.ca\/wp-content\/uploads\/2025\/06\/DSC03039-768x1365.webp 768w, https:\/\/breastcancer.ca\/wp-content\/uploads\/2025\/06\/DSC03039-864x1536.webp 864w, https:\/\/breastcancer.ca\/wp-content\/uploads\/2025\/06\/DSC03039.webp 1152w\" sizes=\"(max-width: 576px) 100vw, 576px\" \/>\t\t\t\t\t\t\t\t\t\t\t\t\t\t\t<\/div>\n\t\t\t\t<\/div>\n\t\t\t\t<\/div>\n\t\t<div class=\"elementor-element elementor-element-e21d334 e-con-full e-flex e-con e-child\" data-id=\"e21d334\" data-element_type=\"container\" data-settings=\"{&quot;background_background&quot;:&quot;classic&quot;}\">\n\t\t\t\t<div class=\"elementor-element elementor-element-56c192b elementor-widget-mobile__width-inherit elementor-widget elementor-widget-heading\" data-id=\"56c192b\" data-element_type=\"widget\" data-widget_type=\"heading.default\">\n\t\t\t\t<div class=\"elementor-widget-container\">\n\t\t\t\t\t<h1 class=\"elementor-heading-title elementor-size-default\">Coordonn\u00e9es<\/h1>\t\t\t\t<\/div>\n\t\t\t\t<\/div>\n\t\t\t\t<div class=\"elementor-element elementor-element-3445f57 elementor-widget-mobile__width-inherit elementor-widget elementor-widget-heading\" data-id=\"3445f57\" data-element_type=\"widget\" data-widget_type=\"heading.default\">\n\t\t\t\t<div class=\"elementor-widget-container\">\n\t\t\t\t\t<h3 class=\"elementor-heading-title elementor-size-default\">Ontario<\/h3>\t\t\t\t<\/div>\n\t\t\t\t<\/div>\n\t\t<div class=\"elementor-element elementor-element-8e1cb1a e-con-full e-flex e-con e-child\" data-id=\"8e1cb1a\" data-element_type=\"container\">\n\t\t\t\t<div class=\"elementor-element elementor-element-0a48cd8 elementor-widget elementor-widget-text-editor\" data-id=\"0a48cd8\" data-element_type=\"widget\" data-widget_type=\"text-editor.default\">\n\t\t\t\t<div class=\"elementor-widget-container\">\n\t\t\t\t\t\t\t\t\t<p><strong>GTA &#8211; Toronto, Mississauga, Oakville<\/strong><\/p><p>gtachair@breastcancerprogress.ca<\/p><p><strong>Hamilton<\/strong><\/p><p>hamiltonchair@breastcancerprogress.ca<\/p><p><strong>Kitchener Waterloo<\/strong><\/p><p>kitchenerwaterloochair@breastcancerprogress.ca<\/p><p><strong>London<\/strong><\/p><p>londonchair@breastcancerprogress.ca<\/p><p><strong>Ottawa<\/strong><\/p><p>ottawachair@breastcancerprogress.ca<\/p><p><strong>Qu\u00e9bec<\/strong><\/p><p>quebecchair@breastcancerprogress.ca<\/p>\t\t\t\t\t\t\t\t<\/div>\n\t\t\t\t<\/div>\n\t\t\t\t<div class=\"elementor-element elementor-element-46656d2 elementor-widget elementor-widget-text-editor\" data-id=\"46656d2\" data-element_type=\"widget\" data-widget_type=\"text-editor.default\">\n\t\t\t\t<div class=\"elementor-widget-container\">\n\t\t\t\t\t\t\t\t\t<p><strong>Vancouver<\/strong><\/p><p>vancouverchair@breastcancerprogress.ca<\/p><p><strong>Calgary<\/strong><\/p><p>calgarymarketing@breastcancerprogress.ca<\/p><p><strong>Edmonton<\/strong><\/p><p>edmontonchair@breastcancerprogress.ca<\/p><p><strong>Halifax, N-\u00c9<\/strong><\/p><p>halifaxchair@breastcancerprogress.ca<\/p><p><strong>St. John&rsquo;s, T-N-L<\/strong><\/p><p>nlchair@breastcancerprogress.ca<\/p><p><strong>Fredericton, N-B<\/strong><\/p><p>nbchair@breastcancerprogress.ca<\/p>\t\t\t\t\t\t\t\t<\/div>\n\t\t\t\t<\/div>\n\t\t\t\t<\/div>\n\t\t\t\t<\/div>\n\t\t\t\t<\/div>\n\t\t<div class=\"elementor-element elementor-element-bf97d38 e-grid e-con-full e-con e-child\" data-id=\"bf97d38\" data-element_type=\"container\">\n\t\t<div class=\"elementor-element elementor-element-8a597e5 e-con-full e-flex e-con e-child\" data-id=\"8a597e5\" data-element_type=\"container\">\n\t\t\t\t<div class=\"elementor-element elementor-element-615ec0b elementor-widget elementor-widget-image\" data-id=\"615ec0b\" data-element_type=\"widget\" data-widget_type=\"image.default\">\n\t\t\t\t<div class=\"elementor-widget-container\">\n\t\t\t\t\t\t\t\t\t\t\t\t\t\t\t<img decoding=\"async\" width=\"800\" height=\"450\" src=\"https:\/\/breastcancer.ca\/wp-content\/uploads\/2025\/06\/1-1024x576.png\" class=\"attachment-large size-large wp-image-15500\" alt=\"\" srcset=\"https:\/\/breastcancer.ca\/wp-content\/uploads\/2025\/06\/1-1024x576.png 1024w, https:\/\/breastcancer.ca\/wp-content\/uploads\/2025\/06\/1-300x169.png 300w, https:\/\/breastcancer.ca\/wp-content\/uploads\/2025\/06\/1-768x432.png 768w, https:\/\/breastcancer.ca\/wp-content\/uploads\/2025\/06\/1-1536x864.png 1536w, https:\/\/breastcancer.ca\/wp-content\/uploads\/2025\/06\/1.png 1920w\" sizes=\"(max-width: 800px) 100vw, 800px\" \/>\t\t\t\t\t\t\t\t\t\t\t\t\t\t\t<\/div>\n\t\t\t\t<\/div>\n\t\t\t\t<div class=\"elementor-element elementor-element-968562f elementor-widget elementor-widget-heading\" data-id=\"968562f\" data-element_type=\"widget\" data-widget_type=\"heading.default\">\n\t\t\t\t<div class=\"elementor-widget-container\">\n\t\t\t\t\t<h3 class=\"elementor-heading-title elementor-size-default\">Qu\u00e9bec<\/h3>\t\t\t\t<\/div>\n\t\t\t\t<\/div>\n\t\t\t\t<div class=\"elementor-element elementor-element-a7bddea elementor-widget elementor-widget-text-editor\" data-id=\"a7bddea\" data-element_type=\"widget\" data-widget_type=\"text-editor.default\">\n\t\t\t\t<div class=\"elementor-widget-container\">\n\t\t\t\t\t\t\t\t\t<p><strong>Groupe provincial<\/strong><\/p><p>Chicoutimi, Gatineau, Greenfield Park, Laval, Montr\u00e9al,<br>Qu\u00e9bec, Rimouski, Sherbrooke, Trois-Rivi\u00e8res, L\u00e9vis, Kirkland<\/p><p>Elissa Cudzinowski, pr\u00e9sidente : <a href=\"mailto:quebecchair@breastcancerprogress.ca\">quebecchair@breastcancerprogress.ca<\/a> <\/p>\t\t\t\t\t\t\t\t<\/div>\n\t\t\t\t<\/div>\n\t\t\t\t<\/div>\n\t\t<div class=\"elementor-element elementor-element-68b93f4 e-con-full e-flex e-con e-child\" data-id=\"68b93f4\" data-element_type=\"container\">\n\t\t\t\t<div class=\"elementor-element elementor-element-b9af6a5 elementor-widget elementor-widget-image\" data-id=\"b9af6a5\" data-element_type=\"widget\" data-widget_type=\"image.default\">\n\t\t\t\t<div class=\"elementor-widget-container\">\n\t\t\t\t\t\t\t\t\t\t\t\t\t\t\t<img decoding=\"async\" width=\"800\" height=\"450\" src=\"https:\/\/breastcancer.ca\/wp-content\/uploads\/2025\/06\/2-1024x576.png\" class=\"attachment-large size-large wp-image-15501\" alt=\"\" srcset=\"https:\/\/breastcancer.ca\/wp-content\/uploads\/2025\/06\/2-1024x576.png 1024w, https:\/\/breastcancer.ca\/wp-content\/uploads\/2025\/06\/2-300x169.png 300w, https:\/\/breastcancer.ca\/wp-content\/uploads\/2025\/06\/2-768x432.png 768w, https:\/\/breastcancer.ca\/wp-content\/uploads\/2025\/06\/2-1536x864.png 1536w, https:\/\/breastcancer.ca\/wp-content\/uploads\/2025\/06\/2.png 1920w\" sizes=\"(max-width: 800px) 100vw, 800px\" \/>\t\t\t\t\t\t\t\t\t\t\t\t\t\t\t<\/div>\n\t\t\t\t<\/div>\n\t\t\t\t<div class=\"elementor-element elementor-element-7e6fb15 elementor-widget elementor-widget-heading\" data-id=\"7e6fb15\" data-element_type=\"widget\" data-widget_type=\"heading.default\">\n\t\t\t\t<div class=\"elementor-widget-container\">\n\t\t\t\t\t<h3 class=\"elementor-heading-title elementor-size-default\">Colombie-Britannique<\/h3>\t\t\t\t<\/div>\n\t\t\t\t<\/div>\n\t\t\t\t<div class=\"elementor-element elementor-element-7948a97 elementor-widget elementor-widget-text-editor\" data-id=\"7948a97\" data-element_type=\"widget\" data-widget_type=\"text-editor.default\">\n\t\t\t\t<div class=\"elementor-widget-container\">\n\t\t\t\t\t\t\t\t\t<p><strong>Vancouver<\/strong><br>Ava Kesh, Pr\u00e9sidente : <a href=\"mailto:vancouverchair@breastcancerprogress.ca\">vancouverchair@breastcancerprogress.ca<\/a> <\/p>\t\t\t\t\t\t\t\t<\/div>\n\t\t\t\t<\/div>\n\t\t\t\t<\/div>\n\t\t<div class=\"elementor-element elementor-element-f60d217 e-con-full e-flex e-con e-child\" data-id=\"f60d217\" data-element_type=\"container\">\n\t\t\t\t<div class=\"elementor-element elementor-element-6792a5d elementor-widget elementor-widget-image\" data-id=\"6792a5d\" data-element_type=\"widget\" data-widget_type=\"image.default\">\n\t\t\t\t<div class=\"elementor-widget-container\">\n\t\t\t\t\t\t\t\t\t\t\t\t\t\t\t<img loading=\"lazy\" decoding=\"async\" width=\"800\" height=\"450\" src=\"https:\/\/breastcancer.ca\/wp-content\/uploads\/2025\/06\/3-1024x576.png\" class=\"attachment-large size-large wp-image-15502\" alt=\"\" srcset=\"https:\/\/breastcancer.ca\/wp-content\/uploads\/2025\/06\/3-1024x576.png 1024w, https:\/\/breastcancer.ca\/wp-content\/uploads\/2025\/06\/3-300x169.png 300w, https:\/\/breastcancer.ca\/wp-content\/uploads\/2025\/06\/3-768x432.png 768w, https:\/\/breastcancer.ca\/wp-content\/uploads\/2025\/06\/3-1536x864.png 1536w, https:\/\/breastcancer.ca\/wp-content\/uploads\/2025\/06\/3.png 1920w\" sizes=\"(max-width: 800px) 100vw, 800px\" \/>\t\t\t\t\t\t\t\t\t\t\t\t\t\t\t<\/div>\n\t\t\t\t<\/div>\n\t\t\t\t<div class=\"elementor-element elementor-element-9a25381 elementor-widget elementor-widget-heading\" data-id=\"9a25381\" data-element_type=\"widget\" data-widget_type=\"heading.default\">\n\t\t\t\t<div class=\"elementor-widget-container\">\n\t\t\t\t\t<h3 class=\"elementor-heading-title elementor-size-default\">Alberta<\/h3>\t\t\t\t<\/div>\n\t\t\t\t<\/div>\n\t\t\t\t<div class=\"elementor-element elementor-element-09f601e elementor-widget elementor-widget-text-editor\" data-id=\"09f601e\" data-element_type=\"widget\" data-widget_type=\"text-editor.default\">\n\t\t\t\t<div class=\"elementor-widget-container\">\n\t\t\t\t\t\t\t\t\t<p><strong>Calgary<\/strong><br>Kristen Kohn, Marketing et communications : <a href=\"mailto:calgarymarketing@breastcancerprogress.ca\">calgarymarketing@breastcancerprogress.ca<\/a> <\/p><p><strong>Edmonton<\/strong><br><a href=\"mailto:Edmontonchair@breastcancerprogress.ca\">Edmontonchair@breastcancerprogress.ca<\/a><\/p>\t\t\t\t\t\t\t\t<\/div>\n\t\t\t\t<\/div>\n\t\t\t\t<\/div>\n\t\t<div class=\"elementor-element elementor-element-bdc6bbd e-con-full e-flex e-con e-child\" data-id=\"bdc6bbd\" data-element_type=\"container\">\n\t\t\t\t<div class=\"elementor-element elementor-element-4d12cf5 elementor-widget elementor-widget-image\" data-id=\"4d12cf5\" data-element_type=\"widget\" data-widget_type=\"image.default\">\n\t\t\t\t<div class=\"elementor-widget-container\">\n\t\t\t\t\t\t\t\t\t\t\t\t\t\t\t<img loading=\"lazy\" decoding=\"async\" width=\"800\" height=\"450\" src=\"https:\/\/breastcancer.ca\/wp-content\/uploads\/2025\/06\/4-1024x576.png\" class=\"attachment-large size-large wp-image-15503\" alt=\"\" srcset=\"https:\/\/breastcancer.ca\/wp-content\/uploads\/2025\/06\/4-1024x576.png 1024w, https:\/\/breastcancer.ca\/wp-content\/uploads\/2025\/06\/4-300x169.png 300w, https:\/\/breastcancer.ca\/wp-content\/uploads\/2025\/06\/4-768x432.png 768w, https:\/\/breastcancer.ca\/wp-content\/uploads\/2025\/06\/4-1536x864.png 1536w, https:\/\/breastcancer.ca\/wp-content\/uploads\/2025\/06\/4.png 1920w\" sizes=\"(max-width: 800px) 100vw, 800px\" \/>\t\t\t\t\t\t\t\t\t\t\t\t\t\t\t<\/div>\n\t\t\t\t<\/div>\n\t\t\t\t<div class=\"elementor-element elementor-element-2766bda elementor-widget elementor-widget-heading\" data-id=\"2766bda\" data-element_type=\"widget\" data-widget_type=\"heading.default\">\n\t\t\t\t<div class=\"elementor-widget-container\">\n\t\t\t\t\t<h3 class=\"elementor-heading-title elementor-size-default\">C\u00f4te Est<\/h3>\t\t\t\t<\/div>\n\t\t\t\t<\/div>\n\t\t\t\t<div class=\"elementor-element elementor-element-b637b7b elementor-widget elementor-widget-text-editor\" data-id=\"b637b7b\" data-element_type=\"widget\" data-widget_type=\"text-editor.default\">\n\t\t\t\t<div class=\"elementor-widget-container\">\n\t\t\t\t\t\t\t\t\t<p><strong>Halifax, N-\u00c9<\/strong><\/p><p>Emma Roberts, Pr\u00e9sidente : <a href=\"mailto:halifaxchair@breastcancerprogress.ca\">halifaxchair@breastcancerprogress.ca<\/a> <\/p><p><strong>St. John&rsquo;s, T-N-L<\/strong><\/p><p>Theresa Vo, Pr\u00e9sidente : <a href=\"mailto:nlchair@breastcancerprogress.ca\">nlchair@breastcancerprogress.ca<\/a> <\/p><p><strong>Fredericton, N-B<\/strong><\/p><p>Hala Nasir, Pr\u00e9sidente : <a href=\"mailto:nbchair@breastcancerprogress.ca\">nbchair@breastcancerprogress.ca<\/a> <\/p>\t\t\t\t\t\t\t\t<\/div>\n\t\t\t\t<\/div>\n\t\t\t\t<\/div>\n\t\t\t\t<\/div>\n\t\t<div class=\"elementor-element elementor-element-b0c17bf e-con-full e-flex e-con e-child\" data-id=\"b0c17bf\" data-element_type=\"container\">\n\t\t<div class=\"elementor-element elementor-element-b623d33 e-con-full e-flex e-con e-child\" data-id=\"b623d33\" data-element_type=\"container\">\n\t\t\t\t<div class=\"elementor-element elementor-element-67147e5 elementor-widget-mobile__width-inherit elementor-widget elementor-widget-heading\" data-id=\"67147e5\" data-element_type=\"widget\" data-widget_type=\"heading.default\">\n\t\t\t\t<div class=\"elementor-widget-container\">\n\t\t\t\t\t<h1 class=\"elementor-heading-title elementor-size-default\">Postes de b\u00e9n\u00e9voles pour les centres r\u00e9gionaux<\/h1>\t\t\t\t<\/div>\n\t\t\t\t<\/div>\n\t\t\t\t<div class=\"elementor-element elementor-element-1fc01b8 elementor-widget elementor-widget-n-accordion\" data-id=\"1fc01b8\" data-element_type=\"widget\" data-settings=\"{&quot;default_state&quot;:&quot;expanded&quot;,&quot;max_items_expended&quot;:&quot;one&quot;,&quot;n_accordion_animation_duration&quot;:{&quot;unit&quot;:&quot;ms&quot;,&quot;size&quot;:400,&quot;sizes&quot;:[]}}\" data-widget_type=\"nested-accordion.default\">\n\t\t\t\t<div class=\"elementor-widget-container\">\n\t\t\t\t\t\t\t<div class=\"e-n-accordion\" aria-label=\"Accordion. Open links with Enter or Space, close with Escape, and navigate with Arrow Keys\">\n\t\t\t\t\t\t<details id=\"e-n-accordion-item-3320\" class=\"e-n-accordion-item\" open>\n\t\t\t\t<summary class=\"e-n-accordion-item-title\" data-accordion-index=\"1\" tabindex=\"0\" aria-expanded=\"true\" aria-controls=\"e-n-accordion-item-3320\" >\n\t\t\t\t\t<span class='e-n-accordion-item-title-header'><div class=\"e-n-accordion-item-title-text\"> Pr\u00e9sident(e) <\/div><\/span>\n\t\t\t\t\t\t\t<span class='e-n-accordion-item-title-icon'>\n\t\t\t<span class='e-opened' ><svg aria-hidden=\"true\" class=\"e-font-icon-svg e-fas-minus\" viewBox=\"0 0 448 512\" xmlns=\"http:\/\/www.w3.org\/2000\/svg\"><path d=\"M416 208H32c-17.67 0-32 14.33-32 32v32c0 17.67 14.33 32 32 32h384c17.67 0 32-14.33 32-32v-32c0-17.67-14.33-32-32-32z\"><\/path><\/svg><\/span>\n\t\t\t<span class='e-closed'><svg aria-hidden=\"true\" class=\"e-font-icon-svg e-fas-plus\" viewBox=\"0 0 448 512\" xmlns=\"http:\/\/www.w3.org\/2000\/svg\"><path d=\"M416 208H272V64c0-17.67-14.33-32-32-32h-32c-17.67 0-32 14.33-32 32v144H32c-17.67 0-32 14.33-32 32v32c0 17.67 14.33 32 32 32h144v144c0 17.67 14.33 32 32 32h32c17.67 0 32-14.33 32-32V304h144c17.67 0 32-14.33 32-32v-32c0-17.67-14.33-32-32-32z\"><\/path><\/svg><\/span>\n\t\t<\/span>\n\n\t\t\t\t\t\t<\/summary>\n\t\t\t\t<div role=\"region\" aria-labelledby=\"e-n-accordion-item-3320\" class=\"elementor-element elementor-element-da59688 e-con-full e-flex e-con e-child\" data-id=\"da59688\" data-element_type=\"container\" data-settings=\"{&quot;background_background&quot;:&quot;classic&quot;}\">\n\t\t\t\t<div class=\"elementor-element elementor-element-2871b6a elementor-widget elementor-widget-text-editor\" data-id=\"2871b6a\" data-element_type=\"widget\" data-widget_type=\"text-editor.default\">\n\t\t\t\t<div class=\"elementor-widget-container\">\n\t\t\t\t\t\t\t\t\t<p>En tant que pr\u00e9sident(e) de votre centre r\u00e9gional local, vous fournirez une direction strat\u00e9gique et favoriserez un environnement collaboratif qui fait progresser la Strat\u00e9gie nationale de Cancer du sein Canada. Le\/La pr\u00e9sident(e) supervisera les op\u00e9rations de l&rsquo;\u00e9quipe du centre, \u00e9tablira des relations avec les partenaires commerciaux locaux et les gouvernements, et partagera les meilleures pratiques avec d&rsquo;autres pr\u00e9sidents r\u00e9gionaux \u00e0 travers le pays. Ce r\u00f4le n\u00e9cessitera un engagement de 10 \u00e0 15 heures par mois, potentiellement plus pendant les mois de mai et octobre. Il requiert \u00e9galement un engagement de 2 ans, sauf approbation contraire de la direction de BCC.   <\/p><p><strong>Responsabilit\u00e9s : <\/strong><\/p><ul><li>Servir de point de contact et de communication principal en tant que repr\u00e9sentant de Cancer du sein Canada en coordination avec les membres de l&rsquo;\u00e9quipe et les partenaires locaux.<\/li><li>Superviser et g\u00e9rer les r\u00f4les des autres membres du centre r\u00e9gional.<\/li><li>Accro\u00eetre la visibilit\u00e9 de Cancer du sein Canada gr\u00e2ce \u00e0 des partenariats collaboratifs et des initiatives de collecte de fonds.<\/li><li>Aider \u00e0 identifier de nouveaux b\u00e9n\u00e9voles au sein de vos communaut\u00e9s et r\u00e9seaux.<\/li><li>Concevoir et \u00e9tablir un r\u00e9seau de soutien b\u00e9n\u00e9vole pertinent pour aider \u00e0 la r\u00e9alisation du travail r\u00e9gional de Cancer du sein Canada.<\/li><li>Promouvoir une culture de partage, d&rsquo;apprentissage et de meilleures pratiques \u00e0 travers le pays pour am\u00e9liorer la capacit\u00e9 r\u00e9gionale de Cancer du sein Canada.<\/li><\/ul><p><strong>Qualifications :<\/strong><\/p><ul><li>Un dipl\u00f4me post-secondaire ou une combinaison \u00e9quivalente d&rsquo;\u00e9ducation et d&rsquo;exp\u00e9rience professionnelle.<\/li><li>Une exp\u00e9rience pr\u00e9alable avec Cancer du sein Canada ou d&rsquo;autres organisations \u00e0 but non lucratif est un atout.<\/li><li>Une exp\u00e9rience pr\u00e9alable en collecte de fonds est un atout.<\/li><li>Capacit\u00e9 d\u00e9montr\u00e9e dans un poste de leadership ou de gestion. <\/li><li>Communication orale et \u00e9crite exceptionnelle.<\/li><li>Une capacit\u00e9 d\u00e9montr\u00e9e \u00e0 \u00e9tablir des priorit\u00e9s, organiser le travail, et planifier et mettre en \u0153uvre des \u00e9v\u00e9nements.<\/li><li>Une capacit\u00e9 d\u00e9montr\u00e9e \u00e0 travailler dans un environnement collaboratif tout en effectuant un travail ind\u00e9pendant.<\/li><li>Une exp\u00e9rience pr\u00e9alable en recrutement et gestion de b\u00e9n\u00e9voles est un atout.<\/li><\/ul>\t\t\t\t\t\t\t\t<\/div>\n\t\t\t\t<\/div>\n\t\t\t\t<\/div>\n\t\t\t\t\t<\/details>\n\t\t\t\t\t\t<details id=\"e-n-accordion-item-3321\" class=\"e-n-accordion-item\" >\n\t\t\t\t<summary class=\"e-n-accordion-item-title\" data-accordion-index=\"2\" tabindex=\"-1\" aria-expanded=\"false\" aria-controls=\"e-n-accordion-item-3321\" >\n\t\t\t\t\t<span class='e-n-accordion-item-title-header'><div class=\"e-n-accordion-item-title-text\"> Vice-pr\u00e9sident(e) <\/div><\/span>\n\t\t\t\t\t\t\t<span class='e-n-accordion-item-title-icon'>\n\t\t\t<span class='e-opened' ><svg aria-hidden=\"true\" class=\"e-font-icon-svg e-fas-minus\" viewBox=\"0 0 448 512\" xmlns=\"http:\/\/www.w3.org\/2000\/svg\"><path d=\"M416 208H32c-17.67 0-32 14.33-32 32v32c0 17.67 14.33 32 32 32h384c17.67 0 32-14.33 32-32v-32c0-17.67-14.33-32-32-32z\"><\/path><\/svg><\/span>\n\t\t\t<span class='e-closed'><svg aria-hidden=\"true\" class=\"e-font-icon-svg e-fas-plus\" viewBox=\"0 0 448 512\" xmlns=\"http:\/\/www.w3.org\/2000\/svg\"><path d=\"M416 208H272V64c0-17.67-14.33-32-32-32h-32c-17.67 0-32 14.33-32 32v144H32c-17.67 0-32 14.33-32 32v32c0 17.67 14.33 32 32 32h144v144c0 17.67 14.33 32 32 32h32c17.67 0 32-14.33 32-32V304h144c17.67 0 32-14.33 32-32v-32c0-17.67-14.33-32-32-32z\"><\/path><\/svg><\/span>\n\t\t<\/span>\n\n\t\t\t\t\t\t<\/summary>\n\t\t\t\t<div role=\"region\" aria-labelledby=\"e-n-accordion-item-3321\" class=\"elementor-element elementor-element-7306db6 e-con-full e-flex e-con e-child\" data-id=\"7306db6\" data-element_type=\"container\" data-settings=\"{&quot;background_background&quot;:&quot;classic&quot;}\">\n\t\t\t\t<div class=\"elementor-element elementor-element-0aa4ed8 elementor-widget elementor-widget-text-editor\" data-id=\"0aa4ed8\" data-element_type=\"widget\" data-widget_type=\"text-editor.default\">\n\t\t\t\t<div class=\"elementor-widget-container\">\n\t\t\t\t\t\t\t\t\t<p>En tant que vice-pr\u00e9sident(e) de votre centre r\u00e9gional local, vous apporterez un soutien au\/\u00e0 la pr\u00e9sident(e) du centre r\u00e9gional dans la supervision des activit\u00e9s et du succ\u00e8s des autres membres de l&rsquo;\u00e9quipe. En collaboration avec le\/la pr\u00e9sident(e), le\/la vice-pr\u00e9sident(e) aidera \u00e0 d\u00e9velopper l&rsquo;orientation strat\u00e9gique du centre tout en facilitant un environnement collaboratif et efficace. Ce r\u00f4le peut n\u00e9cessiter 10 \u00e0 15 heures d&rsquo;engagement par mois, potentiellement plus pendant les mois de mai et octobre. Il requiert \u00e9galement un engagement de 2 ans, sauf approbation contraire de la direction de BCC.   <\/p><p><strong>Responsabilit\u00e9s :<\/strong><\/p><ul><li>Soutenir le d\u00e9veloppement et surveiller la mise en \u0153uvre de la Strat\u00e9gie r\u00e9gionale de Cancer du sein Canada, en alignement avec la Strat\u00e9gie nationale de Cancer du sein Canada.<\/li><li>Promouvoir une culture de partage, d&rsquo;apprentissage et de meilleures pratiques \u00e0 travers le pays pour am\u00e9liorer la capacit\u00e9 r\u00e9gionale de Cancer du sein Canada.<\/li><li>Aider \u00e0 identifier de nouveaux b\u00e9n\u00e9voles au sein de vos communaut\u00e9s et r\u00e9seaux.<\/li><li>Concevoir et \u00e9tablir un r\u00e9seau de soutien b\u00e9n\u00e9vole pertinent pour aider \u00e0 la r\u00e9alisation du travail r\u00e9gional de Cancer du sein Canada.<\/li><li>\u00c9tablir des relations de travail \u00e9troites avec les entreprises r\u00e9gionales, les organisations et les gouvernements pour d\u00e9velopper la sensibilisation et le soutien \u00e0 Cancer du sein Canada.<\/li><li>Participer aux r\u00e9unions r\u00e9gionales r\u00e9guli\u00e8res et cr\u00e9er des comit\u00e9s ad hoc, si n\u00e9cessaire, pour l&rsquo;examen et la r\u00e9solution de questions appropri\u00e9es.<\/li><\/ul><p> <\/p><p><strong>Qualifications :<\/strong><\/p><ul><li>Un dipl\u00f4me post-secondaire ou une combinaison \u00e9quivalente d&rsquo;\u00e9ducation et d&rsquo;exp\u00e9rience professionnelle.<\/li><li>Une exp\u00e9rience pr\u00e9alable avec Cancer du sein Canada ou d&rsquo;autres organisations \u00e0 but non lucratif est un atout.<\/li><li>Une exp\u00e9rience pr\u00e9alable en collecte de fonds est un atout.<\/li><li>Une capacit\u00e9 d\u00e9montr\u00e9e \u00e0 travailler dans un r\u00f4le de leadership collaboratif avec professionnalisme, flexibilit\u00e9 et discr\u00e9tion lors du traitement de questions confidentielles.<\/li><li>Comp\u00e9tences exceptionnelles en communication interpersonnelle.<\/li><li>Une exp\u00e9rience pr\u00e9alable en planification et mise en \u0153uvre d&rsquo;\u00e9v\u00e9nements est un atout.<\/li><li>Une exp\u00e9rience en recrutement et gestion de b\u00e9n\u00e9voles est un atout.<\/li><\/ul>\t\t\t\t\t\t\t\t<\/div>\n\t\t\t\t<\/div>\n\t\t\t\t<\/div>\n\t\t\t\t\t<\/details>\n\t\t\t\t\t\t<details id=\"e-n-accordion-item-3322\" class=\"e-n-accordion-item\" >\n\t\t\t\t<summary class=\"e-n-accordion-item-title\" data-accordion-index=\"3\" tabindex=\"-1\" aria-expanded=\"false\" aria-controls=\"e-n-accordion-item-3322\" >\n\t\t\t\t\t<span class='e-n-accordion-item-title-header'><div class=\"e-n-accordion-item-title-text\"> Repr\u00e9sentant(e) des relations gouvernementales <\/div><\/span>\n\t\t\t\t\t\t\t<span class='e-n-accordion-item-title-icon'>\n\t\t\t<span class='e-opened' ><svg aria-hidden=\"true\" class=\"e-font-icon-svg e-fas-minus\" viewBox=\"0 0 448 512\" xmlns=\"http:\/\/www.w3.org\/2000\/svg\"><path d=\"M416 208H32c-17.67 0-32 14.33-32 32v32c0 17.67 14.33 32 32 32h384c17.67 0 32-14.33 32-32v-32c0-17.67-14.33-32-32-32z\"><\/path><\/svg><\/span>\n\t\t\t<span class='e-closed'><svg aria-hidden=\"true\" class=\"e-font-icon-svg e-fas-plus\" viewBox=\"0 0 448 512\" xmlns=\"http:\/\/www.w3.org\/2000\/svg\"><path d=\"M416 208H272V64c0-17.67-14.33-32-32-32h-32c-17.67 0-32 14.33-32 32v144H32c-17.67 0-32 14.33-32 32v32c0 17.67 14.33 32 32 32h144v144c0 17.67 14.33 32 32 32h32c17.67 0 32-14.33 32-32V304h144c17.67 0 32-14.33 32-32v-32c0-17.67-14.33-32-32-32z\"><\/path><\/svg><\/span>\n\t\t<\/span>\n\n\t\t\t\t\t\t<\/summary>\n\t\t\t\t<div role=\"region\" aria-labelledby=\"e-n-accordion-item-3322\" class=\"elementor-element elementor-element-65a2239 e-con-full e-flex e-con e-child\" data-id=\"65a2239\" data-element_type=\"container\" data-settings=\"{&quot;background_background&quot;:&quot;classic&quot;}\">\n\t\t\t\t<div class=\"elementor-element elementor-element-0426cb9 elementor-widget elementor-widget-text-editor\" data-id=\"0426cb9\" data-element_type=\"widget\" data-widget_type=\"text-editor.default\">\n\t\t\t\t<div class=\"elementor-widget-container\">\n\t\t\t\t\t\t\t\t\t<p>Le\/La repr\u00e9sentant(e) des relations gouvernementales \u00e9tablira des relations de travail \u00e9troites avec les entreprises r\u00e9gionales, les organisations et les gouvernements pour d\u00e9velopper la sensibilisation et le soutien \u00e0 Cancer du sein Canada. Le\/La repr\u00e9sentant(e) des relations gouvernementales soutiendra \u00e9galement les gouvernements locaux, les donateurs et les parties prenantes int\u00e9ress\u00e9s \u00e0 collaborer avec Cancer du sein Canada. Ce r\u00f4le n\u00e9cessite g\u00e9n\u00e9ralement 2 \u00e0 4 heures d&rsquo;engagement par mois, potentiellement plus pendant les mois de mai et octobre. Il requiert \u00e9galement un engagement de 2 ans, sauf approbation contraire de la direction de BCC.   <\/p><p><strong>Responsabilit\u00e9s :<\/strong><\/p><ul><li>Travailler avec les gouvernements locaux et provinciaux pour faire avancer la strat\u00e9gie r\u00e9gionale et nationale de Cancer du sein Canada.<\/li><li>Susciter la sensibilisation et le soutien aux initiatives et \u00e9v\u00e9nements de Cancer du sein Canada.<\/li><li>Soutenir les donateurs et les parties prenantes en collaboration avec Cancer du sein Canada pour faire progresser la recherche sur le cancer du sein.<\/li><\/ul><p> <\/p><p><strong>Qualifications :<\/strong><\/p><ul><li>Un dipl\u00f4me post-secondaire ou une combinaison \u00e9quivalente d&rsquo;\u00e9ducation et d&rsquo;exp\u00e9rience professionnelle.<\/li><li>Une exp\u00e9rience pr\u00e9alable avec Cancer du sein Canada ou d&rsquo;autres organisations \u00e0 but non lucratif est un atout.<\/li><li>Une exp\u00e9rience d\u00e9montr\u00e9e dans un r\u00f4le de relations gouvernementales est un atout.<\/li><li>Une exp\u00e9rience d\u00e9montr\u00e9e dans un r\u00f4le bas\u00e9 sur la communication.<\/li><li>Une exp\u00e9rience pr\u00e9alable dans la sensibilisation des donateurs et des parties prenantes.<\/li><li>Solides comp\u00e9tences en communication orale et \u00e9crite.<\/li><li>Capacit\u00e9 d\u00e9montr\u00e9e \u00e0 \u00e9tablir et maintenir des relations avec des organisations externes.<\/li><\/ul>\t\t\t\t\t\t\t\t<\/div>\n\t\t\t\t<\/div>\n\t\t\t\t<\/div>\n\t\t\t\t\t<\/details>\n\t\t\t\t\t\t<details id=\"e-n-accordion-item-3323\" class=\"e-n-accordion-item\" >\n\t\t\t\t<summary class=\"e-n-accordion-item-title\" data-accordion-index=\"4\" tabindex=\"-1\" aria-expanded=\"false\" aria-controls=\"e-n-accordion-item-3323\" >\n\t\t\t\t\t<span class='e-n-accordion-item-title-header'><div class=\"e-n-accordion-item-title-text\"> Porte-parole communautaire <\/div><\/span>\n\t\t\t\t\t\t\t<span class='e-n-accordion-item-title-icon'>\n\t\t\t<span class='e-opened' ><svg aria-hidden=\"true\" class=\"e-font-icon-svg e-fas-minus\" viewBox=\"0 0 448 512\" xmlns=\"http:\/\/www.w3.org\/2000\/svg\"><path d=\"M416 208H32c-17.67 0-32 14.33-32 32v32c0 17.67 14.33 32 32 32h384c17.67 0 32-14.33 32-32v-32c0-17.67-14.33-32-32-32z\"><\/path><\/svg><\/span>\n\t\t\t<span class='e-closed'><svg aria-hidden=\"true\" class=\"e-font-icon-svg e-fas-plus\" viewBox=\"0 0 448 512\" xmlns=\"http:\/\/www.w3.org\/2000\/svg\"><path d=\"M416 208H272V64c0-17.67-14.33-32-32-32h-32c-17.67 0-32 14.33-32 32v144H32c-17.67 0-32 14.33-32 32v32c0 17.67 14.33 32 32 32h144v144c0 17.67 14.33 32 32 32h32c17.67 0 32-14.33 32-32V304h144c17.67 0 32-14.33 32-32v-32c0-17.67-14.33-32-32-32z\"><\/path><\/svg><\/span>\n\t\t<\/span>\n\n\t\t\t\t\t\t<\/summary>\n\t\t\t\t<div role=\"region\" aria-labelledby=\"e-n-accordion-item-3323\" class=\"elementor-element elementor-element-a8f69f8 e-con-full e-flex e-con e-child\" data-id=\"a8f69f8\" data-element_type=\"container\">\n\t\t\t\t<div class=\"elementor-element elementor-element-b84a771 elementor-widget elementor-widget-text-editor\" data-id=\"b84a771\" data-element_type=\"widget\" data-widget_type=\"text-editor.default\">\n\t\t\t\t<div class=\"elementor-widget-container\">\n\t\t\t\t\t\t\t\t\t<p>Le\/La porte-parole communautaire repr\u00e9sentera Cancer du sein Canada dans les m\u00e9dias, lors d&rsquo;\u00e9v\u00e9nements publics, de r\u00e9unions et forums sur la sant\u00e9 et le d\u00e9veloppement, ainsi que lors d&rsquo;autres \u00e9v\u00e9nements pour accro\u00eetre la sensibilisation. Il\/Elle aidera \u00e0 identifier de nouveaux b\u00e9n\u00e9voles au sein de ses communaut\u00e9s et r\u00e9seaux. Il\/Elle concevra et \u00e9tablira \u00e9galement un r\u00e9seau de soutien b\u00e9n\u00e9vole pour aider \u00e0 la r\u00e9alisation du travail r\u00e9gional de Cancer du sein Canada. Ce r\u00f4le n\u00e9cessite g\u00e9n\u00e9ralement 2 \u00e0 4 heures d&rsquo;engagement par mois, potentiellement plus pendant les mois de mai et octobre. Il requiert \u00e9galement un engagement de 2 ans, sauf approbation contraire de la direction de BCC.    <\/p><p><strong>Responsabilit\u00e9s :<\/strong><\/p><ul><li>Repr\u00e9senter les initiatives et la mission de Cancer du sein Canada dans les m\u00e9dias, les \u00e9v\u00e9nements et les r\u00e9unions locales.<\/li><li>Identifier les opportunit\u00e9s de sensibilisation dans les communaut\u00e9s et r\u00e9seaux locaux.<\/li><li>Travailler avec les plateformes de m\u00e9dias traditionnels et sociaux pour accro\u00eetre la visibilit\u00e9 de la strat\u00e9gie r\u00e9gionale et nationale de Cancer du sein Canada.<\/li><\/ul><p> <\/p><p><strong>Qualifications : <\/strong><\/p><ul><li>Un dipl\u00f4me post-secondaire ou une combinaison \u00e9quivalente d&rsquo;\u00e9ducation et d&rsquo;exp\u00e9rience professionnelle.<\/li><li>Une exp\u00e9rience pr\u00e9alable avec Cancer du sein Canada ou d&rsquo;autres organisations \u00e0 but non lucratif est un atout.<\/li><li>Comp\u00e9tences exceptionnelles en communication orale et \u00e9crite.<\/li><li>Une exp\u00e9rience d\u00e9montr\u00e9e en relations avec les m\u00e9dias, communications et marketing est un atout.<\/li><li>Capacit\u00e9 d\u00e9montr\u00e9e \u00e0 \u00e9tablir et maintenir des relations avec des organisations externes et des organisateurs communautaires.<\/li><\/ul>\t\t\t\t\t\t\t\t<\/div>\n\t\t\t\t<\/div>\n\t\t\t\t<\/div>\n\t\t\t\t\t<\/details>\n\t\t\t\t\t\t<details id=\"e-n-accordion-item-3324\" class=\"e-n-accordion-item\" >\n\t\t\t\t<summary class=\"e-n-accordion-item-title\" data-accordion-index=\"5\" tabindex=\"-1\" aria-expanded=\"false\" aria-controls=\"e-n-accordion-item-3324\" >\n\t\t\t\t\t<span class='e-n-accordion-item-title-header'><div class=\"e-n-accordion-item-title-text\"> Assistant(e) marketing et communications  <\/div><\/span>\n\t\t\t\t\t\t\t<span class='e-n-accordion-item-title-icon'>\n\t\t\t<span class='e-opened' ><svg aria-hidden=\"true\" class=\"e-font-icon-svg e-fas-minus\" viewBox=\"0 0 448 512\" xmlns=\"http:\/\/www.w3.org\/2000\/svg\"><path d=\"M416 208H32c-17.67 0-32 14.33-32 32v32c0 17.67 14.33 32 32 32h384c17.67 0 32-14.33 32-32v-32c0-17.67-14.33-32-32-32z\"><\/path><\/svg><\/span>\n\t\t\t<span class='e-closed'><svg aria-hidden=\"true\" class=\"e-font-icon-svg e-fas-plus\" viewBox=\"0 0 448 512\" xmlns=\"http:\/\/www.w3.org\/2000\/svg\"><path d=\"M416 208H272V64c0-17.67-14.33-32-32-32h-32c-17.67 0-32 14.33-32 32v144H32c-17.67 0-32 14.33-32 32v32c0 17.67 14.33 32 32 32h144v144c0 17.67 14.33 32 32 32h32c17.67 0 32-14.33 32-32V304h144c17.67 0 32-14.33 32-32v-32c0-17.67-14.33-32-32-32z\"><\/path><\/svg><\/span>\n\t\t<\/span>\n\n\t\t\t\t\t\t<\/summary>\n\t\t\t\t<div role=\"region\" aria-labelledby=\"e-n-accordion-item-3324\" class=\"elementor-element elementor-element-eaf8ebf e-con-full e-flex e-con e-child\" data-id=\"eaf8ebf\" data-element_type=\"container\">\n\t\t\t\t<div class=\"elementor-element elementor-element-5bcb829 elementor-widget elementor-widget-text-editor\" data-id=\"5bcb829\" data-element_type=\"widget\" data-widget_type=\"text-editor.default\">\n\t\t\t\t<div class=\"elementor-widget-container\">\n\t\t\t\t\t\t\t\t\t<p>L&rsquo;assistant(e) marketing et communications accro\u00eetra la visibilit\u00e9 de Cancer du sein Canada en utilisant des techniques de promotion multidimensionnelles. Dans ce r\u00f4le, vous promouvrez toutes les initiatives du centre r\u00e9gional par la communication m\u00e9diatique et la production de contenu pour les m\u00e9dias sociaux. Ce r\u00f4le n\u00e9cessite g\u00e9n\u00e9ralement 2 \u00e0 4 heures d&rsquo;engagement par mois, potentiellement plus pendant les mois de mai et octobre. Il requiert \u00e9galement un engagement de 2 ans, sauf approbation contraire de la direction de BCC.   <\/p><p><strong>Responsabilit\u00e9s : <\/strong><\/p><ul><li>Partager des informations et promouvoir des informations pour soutenir les \u00e9v\u00e9nements locaux et nationaux.<\/li><li>Communication avec les m\u00e9dias locaux pour accro\u00eetre le profil r\u00e9gional de Cancer du sein Canada.<\/li><li>Promouvoir les \u00e9v\u00e9nements locaux et nationaux sur les plateformes de m\u00e9dias sociaux.<\/li><li>Accro\u00eetre la visibilit\u00e9 de Cancer du sein Canada et l&rsquo;impact de la recherche financ\u00e9e dans leur r\u00e9gion.<\/li><\/ul><p> <\/p><p><strong>Qualifications :<\/strong><\/p><ul><li>Un dipl\u00f4me d&rsquo;\u00e9tudes postsecondaires ou une combinaison \u00e9quivalente d&rsquo;\u00e9ducation et d&rsquo;exp\u00e9rience professionnelle. <\/li><li>Une exp\u00e9rience pr\u00e9alable avec Cancer du sein Canada ou d&rsquo;autres organisations \u00e0 but non lucratif est un atout.<\/li><li>Exp\u00e9rience d\u00e9montr\u00e9e dans un r\u00f4le de marketing et\/ou de communication.<\/li><li>Exp\u00e9rience d\u00e9montr\u00e9e dans l&rsquo;utilisation et la promotion sur les plateformes de m\u00e9dias sociaux telles que Facebook, Twitter et LinkedIn.<\/li><li>La connaissance de la strat\u00e9gie des m\u00e9dias sociaux et des techniques de marketing modernes est un atout.<\/li><li>Exp\u00e9rience et aisance avec le d\u00e9marchage t\u00e9l\u00e9phonique, le publipostage, la publicit\u00e9 et le marketing \u00e9v\u00e9nementiel.<\/li><li>Comp\u00e9tences exceptionnelles en communication interpersonnelle.<\/li><li>Une exp\u00e9rience pr\u00e9alable dans le service \u00e0 la client\u00e8le est un atout.<\/li><\/ul>\t\t\t\t\t\t\t\t<\/div>\n\t\t\t\t<\/div>\n\t\t\t\t<\/div>\n\t\t\t\t\t<\/details>\n\t\t\t\t\t\t<details id=\"e-n-accordion-item-3325\" class=\"e-n-accordion-item\" >\n\t\t\t\t<summary class=\"e-n-accordion-item-title\" data-accordion-index=\"6\" tabindex=\"-1\" aria-expanded=\"false\" aria-controls=\"e-n-accordion-item-3325\" >\n\t\t\t\t\t<span class='e-n-accordion-item-title-header'><div class=\"e-n-accordion-item-title-text\"> Repr\u00e9sentant(e) des r\u00e9sultats rapport\u00e9s par les patients <\/div><\/span>\n\t\t\t\t\t\t\t<span class='e-n-accordion-item-title-icon'>\n\t\t\t<span class='e-opened' ><svg aria-hidden=\"true\" class=\"e-font-icon-svg e-fas-minus\" viewBox=\"0 0 448 512\" xmlns=\"http:\/\/www.w3.org\/2000\/svg\"><path d=\"M416 208H32c-17.67 0-32 14.33-32 32v32c0 17.67 14.33 32 32 32h384c17.67 0 32-14.33 32-32v-32c0-17.67-14.33-32-32-32z\"><\/path><\/svg><\/span>\n\t\t\t<span class='e-closed'><svg aria-hidden=\"true\" class=\"e-font-icon-svg e-fas-plus\" viewBox=\"0 0 448 512\" xmlns=\"http:\/\/www.w3.org\/2000\/svg\"><path d=\"M416 208H272V64c0-17.67-14.33-32-32-32h-32c-17.67 0-32 14.33-32 32v144H32c-17.67 0-32 14.33-32 32v32c0 17.67 14.33 32 32 32h144v144c0 17.67 14.33 32 32 32h32c17.67 0 32-14.33 32-32V304h144c17.67 0 32-14.33 32-32v-32c0-17.67-14.33-32-32-32z\"><\/path><\/svg><\/span>\n\t\t<\/span>\n\n\t\t\t\t\t\t<\/summary>\n\t\t\t\t<div role=\"region\" aria-labelledby=\"e-n-accordion-item-3325\" class=\"elementor-element elementor-element-4990766 e-con-full e-flex e-con e-child\" data-id=\"4990766\" data-element_type=\"container\">\n\t\t\t\t<div class=\"elementor-element elementor-element-ae3d634 elementor-widget elementor-widget-text-editor\" data-id=\"ae3d634\" data-element_type=\"widget\" data-widget_type=\"text-editor.default\">\n\t\t\t\t<div class=\"elementor-widget-container\">\n\t\t\t\t\t\t\t\t\t<p>Le repr\u00e9sentant des r\u00e9sultats rapport\u00e9s par les patients (PRO) fournira des mises \u00e0 jour \u00e0 Cancer du sein Canada et \u00e0 ses co\u00e9quipiers du centre r\u00e9gional sur les progr\u00e8s r\u00e9alis\u00e9s dans les centres de canc\u00e9rologie locaux. Le repr\u00e9sentant PRO jouera un r\u00f4le essentiel dans le soutien des initiatives de recherche et la collaboration avec les centres de canc\u00e9rologie locaux pour aider les patients. Les responsabilit\u00e9s du repr\u00e9sentant PRO comprennent l&rsquo;enregistrement des effets secondaires des traitements et des r\u00e9sultats pour aider \u00e0 orienter de nouvelles initiatives de recherche visant \u00e0 am\u00e9liorer les soins aux patients. Ce r\u00f4le n\u00e9cessite g\u00e9n\u00e9ralement 2 \u00e0 4 heures d&rsquo;engagement par mois, et \u00e9ventuellement plus pendant les mois de mai et octobre. Il exige \u00e9galement un engagement de 2 ans, sauf approbation contraire de la direction de BCC.    <\/p><p><strong>Responsabilit\u00e9s : <\/strong><\/p><ul><li>Aider les centres de canc\u00e9rologie locaux et les patients \u00e0 faire progresser la recherche sur le cancer du sein, du diagnostic au traitement.<\/li><li>Enregistrer et documenter les effets secondaires des traitements, les d\u00e9fis et les r\u00e9sultats pour am\u00e9liorer les soins aux patients.<\/li><\/ul><p> <\/p><p><strong>Qualifications : <\/strong><\/p><ul><li>Un dipl\u00f4me post-secondaire ou une combinaison \u00e9quivalente d&rsquo;\u00e9ducation et d&rsquo;exp\u00e9rience professionnelle.<\/li><li>Une exp\u00e9rience pr\u00e9alable avec Cancer du sein Canada ou d&rsquo;autres organisations \u00e0 but non lucratif est un atout.<\/li><li>Une exp\u00e9rience dans le domaine m\u00e9dical ou un travail direct avec les patients est un atout.<\/li><li>Solides comp\u00e9tences en communication orale et \u00e9crite.<\/li><li>Une capacit\u00e9 d\u00e9montr\u00e9e \u00e0 travailler avec professionnalisme et discr\u00e9tion lors du traitement d&rsquo;informations confidentielles.<\/li><li>Une capacit\u00e9 d\u00e9montr\u00e9e dans un r\u00f4le de liaison est un atout.<\/li><li>Une exp\u00e9rience pr\u00e9alable dans un r\u00f4le de service \u00e0 la client\u00e8le est un atout.<\/li><\/ul>\t\t\t\t\t\t\t\t<\/div>\n\t\t\t\t<\/div>\n\t\t\t\t<\/div>\n\t\t\t\t\t<\/details>\n\t\t\t\t\t\t<details id=\"e-n-accordion-item-3326\" class=\"e-n-accordion-item\" >\n\t\t\t\t<summary class=\"e-n-accordion-item-title\" data-accordion-index=\"7\" tabindex=\"-1\" aria-expanded=\"false\" aria-controls=\"e-n-accordion-item-3326\" >\n\t\t\t\t\t<span class='e-n-accordion-item-title-header'><div class=\"e-n-accordion-item-title-text\"> Repr\u00e9sentant(e) de la collecte de fonds et des \u00e9v\u00e9nements <\/div><\/span>\n\t\t\t\t\t\t\t<span class='e-n-accordion-item-title-icon'>\n\t\t\t<span class='e-opened' ><svg aria-hidden=\"true\" class=\"e-font-icon-svg e-fas-minus\" viewBox=\"0 0 448 512\" xmlns=\"http:\/\/www.w3.org\/2000\/svg\"><path d=\"M416 208H32c-17.67 0-32 14.33-32 32v32c0 17.67 14.33 32 32 32h384c17.67 0 32-14.33 32-32v-32c0-17.67-14.33-32-32-32z\"><\/path><\/svg><\/span>\n\t\t\t<span class='e-closed'><svg aria-hidden=\"true\" class=\"e-font-icon-svg e-fas-plus\" viewBox=\"0 0 448 512\" xmlns=\"http:\/\/www.w3.org\/2000\/svg\"><path d=\"M416 208H272V64c0-17.67-14.33-32-32-32h-32c-17.67 0-32 14.33-32 32v144H32c-17.67 0-32 14.33-32 32v32c0 17.67 14.33 32 32 32h144v144c0 17.67 14.33 32 32 32h32c17.67 0 32-14.33 32-32V304h144c17.67 0 32-14.33 32-32v-32c0-17.67-14.33-32-32-32z\"><\/path><\/svg><\/span>\n\t\t<\/span>\n\n\t\t\t\t\t\t<\/summary>\n\t\t\t\t<div role=\"region\" aria-labelledby=\"e-n-accordion-item-3326\" class=\"elementor-element elementor-element-ae57220 e-con-full e-flex e-con e-child\" data-id=\"ae57220\" data-element_type=\"container\">\n\t\t\t\t<div class=\"elementor-element elementor-element-bfa855c elementor-widget elementor-widget-text-editor\" data-id=\"bfa855c\" data-element_type=\"widget\" data-widget_type=\"text-editor.default\">\n\t\t\t\t<div class=\"elementor-widget-container\">\n\t\t\t\t\t\t\t\t\t<p>Le repr\u00e9sentant des collectes de fonds et des \u00e9v\u00e9nements veillera \u00e0 ce que le centre r\u00e9gional soutienne les deux \u00e9v\u00e9nements nationaux de Cancer du sein Canada, la Marche de la f\u00eate des M\u00e8res et Habillons-nous pour la cause, et supervisera les efforts de collecte de fonds du centre tout au long de l&rsquo;ann\u00e9e. Les responsabilit\u00e9s de ce r\u00f4le comprennent la planification et la mise en \u0153uvre d&rsquo;\u00e9v\u00e9nements et d&rsquo;initiatives de collecte de fonds, l&rsquo;obtention de parrainages locaux et l&rsquo;\u00e9tablissement de relations avec des partenaires commerciaux locaux. Le repr\u00e9sentant des collectes de fonds et des \u00e9v\u00e9nements aidera \u00e9galement \u00e0 identifier de nouveaux b\u00e9n\u00e9voles dans leurs communaut\u00e9s et \u00e0 \u00e9tablir un r\u00e9seau de soutien b\u00e9n\u00e9vole pertinent pour aider \u00e0 la r\u00e9alisation du travail r\u00e9gional de Cancer du sein Canada. Ce r\u00f4le n\u00e9cessite g\u00e9n\u00e9ralement 2 \u00e0 4 heures d&rsquo;engagement par mois, \u00e9ventuellement plus pendant les mois de mai et octobre. Il exige \u00e9galement un engagement de 2 ans, sauf approbation contraire de la direction de BCC.    <\/p><p><strong>Responsabilit\u00e9s : <\/strong><\/p><ul><li>Planifier, mettre en \u0153uvre et soutenir les \u00e9v\u00e9nements locaux et les initiatives de collecte de fonds.<\/li><li>Travailler avec les entreprises r\u00e9gionales et les centres de canc\u00e9rologie pour la coordination des \u00e9v\u00e9nements.<\/li><li>Am\u00e9liorer le profil r\u00e9gional de Cancer du sein Canada en obtenant des parrainages et des partenariats locaux.<\/li><li>Aider au recrutement de b\u00e9n\u00e9voles pour les \u00e9v\u00e9nements.<\/li><\/ul><p> <\/p><p><strong>Qualifications : <\/strong><\/p><ul><li>Un dipl\u00f4me post-secondaire ou une combinaison \u00e9quivalente d&rsquo;\u00e9ducation et d&rsquo;exp\u00e9rience professionnelle.<\/li><li>Une exp\u00e9rience pr\u00e9alable avec Cancer du sein Canada ou d&rsquo;autres organisations \u00e0 but non lucratif est un atout.<\/li><li>Une exp\u00e9rience d\u00e9montr\u00e9e dans la collecte de fonds pour des organismes \u00e0 but non lucratif est un atout.<\/li><li>Une capacit\u00e9 d\u00e9montr\u00e9e en planification, coordination et mise en \u0153uvre d&rsquo;\u00e9v\u00e9nements est requise.<\/li><li>Une exp\u00e9rience pr\u00e9alable en planification et d\u00e9veloppement de programmes est un atout.<\/li><li>Comp\u00e9tences exceptionnelles en communication orale et \u00e9crite.<\/li><li>Exp\u00e9rience en recrutement et gestion de b\u00e9n\u00e9voles.<\/li><\/ul>\t\t\t\t\t\t\t\t<\/div>\n\t\t\t\t<\/div>\n\t\t\t\t<\/div>\n\t\t\t\t\t<\/details>\n\t\t\t\t\t\t<details id=\"e-n-accordion-item-3327\" class=\"e-n-accordion-item\" >\n\t\t\t\t<summary class=\"e-n-accordion-item-title\" data-accordion-index=\"8\" tabindex=\"-1\" aria-expanded=\"false\" aria-controls=\"e-n-accordion-item-3327\" >\n\t\t\t\t\t<span class='e-n-accordion-item-title-header'><div class=\"e-n-accordion-item-title-text\"> Secr\u00e9taire\/Tr\u00e9sorier(\u00e8re) <\/div><\/span>\n\t\t\t\t\t\t\t<span class='e-n-accordion-item-title-icon'>\n\t\t\t<span class='e-opened' ><svg aria-hidden=\"true\" class=\"e-font-icon-svg e-fas-minus\" viewBox=\"0 0 448 512\" xmlns=\"http:\/\/www.w3.org\/2000\/svg\"><path d=\"M416 208H32c-17.67 0-32 14.33-32 32v32c0 17.67 14.33 32 32 32h384c17.67 0 32-14.33 32-32v-32c0-17.67-14.33-32-32-32z\"><\/path><\/svg><\/span>\n\t\t\t<span class='e-closed'><svg aria-hidden=\"true\" class=\"e-font-icon-svg e-fas-plus\" viewBox=\"0 0 448 512\" xmlns=\"http:\/\/www.w3.org\/2000\/svg\"><path d=\"M416 208H272V64c0-17.67-14.33-32-32-32h-32c-17.67 0-32 14.33-32 32v144H32c-17.67 0-32 14.33-32 32v32c0 17.67 14.33 32 32 32h144v144c0 17.67 14.33 32 32 32h32c17.67 0 32-14.33 32-32V304h144c17.67 0 32-14.33 32-32v-32c0-17.67-14.33-32-32-32z\"><\/path><\/svg><\/span>\n\t\t<\/span>\n\n\t\t\t\t\t\t<\/summary>\n\t\t\t\t<div role=\"region\" aria-labelledby=\"e-n-accordion-item-3327\" class=\"elementor-element elementor-element-9d8b7b1 e-con-full e-flex e-con e-child\" data-id=\"9d8b7b1\" data-element_type=\"container\">\n\t\t\t\t<div class=\"elementor-element elementor-element-65fb65b elementor-widget elementor-widget-text-editor\" data-id=\"65fb65b\" data-element_type=\"widget\" data-widget_type=\"text-editor.default\">\n\t\t\t\t<div class=\"elementor-widget-container\">\n\t\t\t\t\t\t\t\t\t<p>Le secr\u00e9taire\/tr\u00e9sorier est responsable de la tenue d&rsquo;une comptabilit\u00e9 pr\u00e9cise, de l&rsquo;enregistrement de tous les revenus, dons et d\u00e9penses du centre r\u00e9gional, en respectant les PCGR. Le secr\u00e9taire\/tr\u00e9sorier pr\u00e9parera \u00e9galement les ordres du jour des r\u00e9unions mensuelles du centre r\u00e9gional, prendra et enregistrera les proc\u00e8s-verbaux des r\u00e9unions, et tiendra \u00e0 jour une base de donn\u00e9es des membres du centre r\u00e9gional. Ce r\u00f4le n\u00e9cessite g\u00e9n\u00e9ralement 2 \u00e0 4 heures d&rsquo;engagement par mois, \u00e9ventuellement plus pendant les mois de mai et octobre. Il exige \u00e9galement un engagement de 2 ans, sauf approbation contraire de la direction de BCC.   <\/p><p><strong>Responsabilit\u00e9s : <\/strong><\/p><ul><li>Tenir une comptabilit\u00e9 et des registres financiers pr\u00e9cis pour le centre r\u00e9gional.<\/li><li>Prendre les proc\u00e8s-verbaux des r\u00e9unions et rester \u00e0 jour sur les points d&rsquo;action.<\/li><li>Maintenir la base de donn\u00e9es des membres du centre r\u00e9gional de Cancer du sein Canada.<\/li><li>Enregistrer les revenus, les d\u00e9penses et les dons des donateurs locaux.<\/li><\/ul><p> <\/p><p>Qualifications :<\/p><ul><li>Un dipl\u00f4me post-secondaire ou une combinaison \u00e9quivalente d&rsquo;\u00e9ducation et d&rsquo;exp\u00e9rience professionnelle.<\/li><li>Une exp\u00e9rience pr\u00e9alable avec Cancer du sein Canada ou d&rsquo;autres organisations \u00e0 but non lucratif est un atout.<\/li><li>Au moins 1 \u00e0 2 ans d&rsquo;exp\u00e9rience en administration des affaires, gestion financi\u00e8re et\/ou comptabilit\u00e9.<\/li><li>Comp\u00e9tences exceptionnelles en communication orale et \u00e9crite.<\/li><li>Une capacit\u00e9 d\u00e9montr\u00e9e \u00e0 prioriser le travail, \u00e0 respecter les d\u00e9lais et \u00e0 tenir des registres.<\/li><li>Une exp\u00e9rience pr\u00e9alable dans un r\u00f4le de secr\u00e9tariat est un atout.<\/li><\/ul>\t\t\t\t\t\t\t\t<\/div>\n\t\t\t\t<\/div>\n\t\t\t\t<\/div>\n\t\t\t\t\t<\/details>\n\t\t\t\t\t<\/div>\n\t\t\t\t\t\t<\/div>\n\t\t\t\t<\/div>\n\t\t\t\t<\/div>\n\t\t\t\t<\/div>\n\t\t<div class=\"elementor-element elementor-element-1472132 e-con-full e-flex e-con e-child\" data-id=\"1472132\" data-element_type=\"container\" data-settings=\"{&quot;background_background&quot;:&quot;classic&quot;}\">\n\t\t<div class=\"elementor-element elementor-element-4e3c041 e-con-full e-flex e-con e-child\" data-id=\"4e3c041\" data-element_type=\"container\">\n\t\t<div class=\"elementor-element elementor-element-5347197 e-con-full e-flex e-con e-child\" data-id=\"5347197\" data-element_type=\"container\">\n\t\t\t\t<div class=\"elementor-element elementor-element-e75d34b elementor-widget-mobile__width-inherit elementor-widget elementor-widget-heading\" data-id=\"e75d34b\" data-element_type=\"widget\" data-widget_type=\"heading.default\">\n\t\t\t\t<div class=\"elementor-widget-container\">\n\t\t\t\t\t<h1 class=\"elementor-heading-title elementor-size-default\">Postulez maintenant<\/h1>\t\t\t\t<\/div>\n\t\t\t\t<\/div>\n\t\t\t\t<div class=\"elementor-element elementor-element-a0188aa elementor-widget-mobile__width-inherit elementor-widget-tablet__width-initial elementor-widget elementor-widget-text-editor\" data-id=\"a0188aa\" data-element_type=\"widget\" data-widget_type=\"text-editor.default\">\n\t\t\t\t<div class=\"elementor-widget-container\">\n\t\t\t\t\t\t\t\t\t<p>Soutenez-nous localement pour :<\/p><ul><li>\u00catre la force motrice derri\u00e8re la recherche sur les r\u00e9sultats rapport\u00e9s par les patients<\/li><li>Collecter des fonds pour la recherche vitale sur le cancer du sein<\/li><li>Sensibiliser \u00e0 l&rsquo;importance et \u00e0 l&rsquo;impact de notre recherche<\/li><li>Plaider pour l&rsquo;acc\u00e8s aux tests et aux traitements du cancer du sein<\/li><\/ul><p> <\/p><p>Ensemble, nous pouvons sensibiliser \u00e0 l&rsquo;importance de la recherche sur le cancer du sein et partager la mission de Cancer du sein Canada.<\/p><p>\u00cates-vous int\u00e9ress\u00e9 \u00e0 faire du b\u00e9n\u00e9volat au sein d&rsquo;un centre r\u00e9gional ? Discutons-en ! <\/p>\t\t\t\t\t\t\t\t<\/div>\n\t\t\t\t<\/div>\n\t\t\t\t<\/div>\n\t\t<div class=\"elementor-element elementor-element-0a496b7 e-con-full e-flex e-con e-child\" data-id=\"0a496b7\" data-element_type=\"container\">\n\t\t\t\t<div class=\"elementor-element elementor-element-da63086 elementor-button-align-stretch elementor-widget elementor-widget-form\" data-id=\"da63086\" data-element_type=\"widget\" data-settings=\"{&quot;button_width&quot;:&quot;25&quot;,&quot;step_next_label&quot;:&quot;Suivant&quot;,&quot;step_previous_label&quot;:&quot;Pr\\u00e9c\\u00e9dent&quot;,&quot;step_type&quot;:&quot;number_text&quot;,&quot;step_icon_shape&quot;:&quot;circle&quot;}\" data-widget_type=\"form.default\">\n\t\t\t\t<div class=\"elementor-widget-container\">\n\t\t\t\t\t\t\t<form class=\"elementor-form\" method=\"post\" name=\"Partagez votre histoire\">\n\t\t\t<input type=\"hidden\" name=\"post_id\" value=\"15497\"\/>\n\t\t\t<input type=\"hidden\" name=\"form_id\" value=\"da63086\"\/>\n\t\t\t<input type=\"hidden\" name=\"referer_title\" value=\"Centres r\u00e9gionaux - Breast Cancer Canada\" \/>\n\n\t\t\t\t\t\t\t<input type=\"hidden\" name=\"queried_id\" value=\"15497\"\/>\n\t\t\t\n\t\t\t<div class=\"elementor-form-fields-wrapper elementor-labels-above\">\n\t\t\t\t\t\t\t\t<div class=\"elementor-field-type-text elementor-field-group elementor-column elementor-field-group-name elementor-col-50 elementor-field-required elementor-mark-required\">\n\t\t\t\t\t\t\t\t\t\t\t\t<label for=\"form-field-name\" class=\"elementor-field-label\">\n\t\t\t\t\t\t\t\tNom\t\t\t\t\t\t\t<\/label>\n\t\t\t\t\t\t\t\t\t\t\t\t\t\t<input size=\"1\" type=\"text\" name=\"form_fields[name]\" id=\"form-field-name\" class=\"elementor-field elementor-size-lg  elementor-field-textual\" required=\"required\">\n\t\t\t\t\t\t\t\t\t\t\t<\/div>\n\t\t\t\t\t\t\t\t<div class=\"elementor-field-type-email elementor-field-group elementor-column elementor-field-group-email elementor-col-50 elementor-field-required elementor-mark-required\">\n\t\t\t\t\t\t\t\t\t\t\t\t<label for=\"form-field-email\" class=\"elementor-field-label\">\n\t\t\t\t\t\t\t\tCourriel\t\t\t\t\t\t\t<\/label>\n\t\t\t\t\t\t\t\t\t\t\t\t\t\t<input size=\"1\" type=\"email\" name=\"form_fields[email]\" id=\"form-field-email\" class=\"elementor-field elementor-size-lg  elementor-field-textual\" required=\"required\">\n\t\t\t\t\t\t\t\t\t\t\t<\/div>\n\t\t\t\t\t\t\t\t<div class=\"elementor-field-type-tel elementor-field-group elementor-column elementor-field-group-field_52ab3e7 elementor-col-100 elementor-field-required elementor-mark-required\">\n\t\t\t\t\t\t\t\t\t\t\t\t<label for=\"form-field-field_52ab3e7\" class=\"elementor-field-label\">\n\t\t\t\t\t\t\t\tNum\u00e9ro de t\u00e9l\u00e9phone\t\t\t\t\t\t\t<\/label>\n\t\t\t\t\t\t\t\t<input size=\"1\" type=\"tel\" name=\"form_fields[field_52ab3e7]\" id=\"form-field-field_52ab3e7\" class=\"elementor-field elementor-size-lg  elementor-field-textual\" required=\"required\" pattern=\"[0-9()#&amp;+*-=.]+\" title=\"Only numbers and phone characters (#, -, *, etc) are accepted.\">\n\n\t\t\t\t\t\t<\/div>\n\t\t\t\t\t\t\t\t<div class=\"elementor-field-type-textarea elementor-field-group elementor-column elementor-field-group-message elementor-col-100 elementor-field-required elementor-mark-required\">\n\t\t\t\t\t\t\t\t\t\t\t\t<label for=\"form-field-message\" class=\"elementor-field-label\">\n\t\t\t\t\t\t\t\tMessage\t\t\t\t\t\t\t<\/label>\n\t\t\t\t\t\t<textarea class=\"elementor-field-textual elementor-field  elementor-size-lg\" name=\"form_fields[message]\" id=\"form-field-message\" rows=\"4\" required=\"required\"><\/textarea>\t\t\t\t<\/div>\n\t\t\t\t\t\t\t\t<div class=\"elementor-field-group elementor-column elementor-field-type-submit elementor-col-25 e-form__buttons\">\n\t\t\t\t\t<button class=\"elementor-button elementor-size-lg\" type=\"submit\">\n\t\t\t\t\t\t<span class=\"elementor-button-content-wrapper\">\n\t\t\t\t\t\t\t\t\t\t\t\t\t\t\t\t\t\t\t\t\t\t<span class=\"elementor-button-text\">Soumettre<\/span>\n\t\t\t\t\t\t\t\t\t\t\t\t\t<\/span>\n\t\t\t\t\t<\/button>\n\t\t\t\t<\/div>\n\t\t\t<\/div>\n\t\t<\/form>\n\t\t\t\t\t\t<\/div>\n\t\t\t\t<\/div>\n\t\t\t\t<\/div>\n\t\t\t\t<\/div>\n\t\t\t\t<\/div>\n\t\t\t\t\t<\/div>\n\t\t\t\t<\/div>\n\t\t<div class=\"elementor-element elementor-element-d2da5ec e-flex e-con-boxed e-con e-parent\" data-id=\"d2da5ec\" data-element_type=\"container\" data-settings=\"{&quot;background_background&quot;:&quot;classic&quot;}\">\n\t\t\t\t\t<div class=\"e-con-inner\">\n\t\t\t\t<div class=\"elementor-element elementor-element-e241ba2 elementor-widget elementor-widget-heading\" data-id=\"e241ba2\" data-element_type=\"widget\" data-widget_type=\"heading.default\">\n\t\t\t\t<div class=\"elementor-widget-container\">\n\t\t\t\t\t<h1 class=\"elementor-heading-title elementor-size-default\">Progr\u00e8s gr\u00e2ce \u00e0 la recherche<\/h1>\t\t\t\t<\/div>\n\t\t\t\t<\/div>\n\t\t<div class=\"elementor-element elementor-element-7824fe9 e-grid e-con-full e-con e-child\" data-id=\"7824fe9\" data-element_type=\"container\">\n\t\t<div class=\"elementor-element elementor-element-6c2543e e-con-full e-flex e-con e-child\" data-id=\"6c2543e\" data-element_type=\"container\" data-settings=\"{&quot;background_background&quot;:&quot;classic&quot;}\">\n\t\t\t\t<div class=\"elementor-element elementor-element-f66a578 elementor-widget elementor-widget-heading\" data-id=\"f66a578\" data-element_type=\"widget\" data-widget_type=\"heading.default\">\n\t\t\t\t<div class=\"elementor-widget-container\">\n\t\t\t\t\t<h2 class=\"elementor-heading-title elementor-size-default\">Derni\u00e8res recherches<\/h2>\t\t\t\t<\/div>\n\t\t\t\t<\/div>\n\t\t\t\t<div class=\"elementor-element elementor-element-165925b elementor-widget elementor-widget-text-editor\" data-id=\"165925b\" data-element_type=\"widget\" data-widget_type=\"text-editor.default\">\n\t\t\t\t<div class=\"elementor-widget-container\">\n\t\t\t\t\t\t\t\t\t<p>Les dons \u00e0 Cancer du sein Canada financent des recherches qui sauvent des vies et qui ont un impact direct sur les patients canadiens. Cela signifie de meilleures r\u00e9ponses, des avanc\u00e9es plus importantes et des traitements plus personnalis\u00e9s pour chaque diagnostic de cancer du sein. <\/p>\t\t\t\t\t\t\t\t<\/div>\n\t\t\t\t<\/div>\n\t\t\t\t<div class=\"elementor-element elementor-element-b8f110b elementor-widget elementor-widget-button\" data-id=\"b8f110b\" data-element_type=\"widget\" data-widget_type=\"button.default\">\n\t\t\t\t<div class=\"elementor-widget-container\">\n\t\t\t\t\t\t\t\t\t<div class=\"elementor-button-wrapper\">\n\t\t\t\t\t<a class=\"elementor-button elementor-button-link elementor-size-sm\" href=\"https:\/\/breastcancer.ca\/fr\/recherche\/\">\n\t\t\t\t\t\t<span class=\"elementor-button-content-wrapper\">\n\t\t\t\t\t\t\t\t\t<span class=\"elementor-button-text\">En savoir plus<\/span>\n\t\t\t\t\t<\/span>\n\t\t\t\t\t<\/a>\n\t\t\t\t<\/div>\n\t\t\t\t\t\t\t\t<\/div>\n\t\t\t\t<\/div>\n\t\t\t\t<\/div>\n\t\t<div class=\"elementor-element elementor-element-99da566 e-con-full e-flex e-con e-child\" data-id=\"99da566\" data-element_type=\"container\" data-settings=\"{&quot;background_background&quot;:&quot;classic&quot;}\">\n\t\t\t\t<div class=\"elementor-element elementor-element-a251610 elementor-widget elementor-widget-heading\" data-id=\"a251610\" data-element_type=\"widget\" data-widget_type=\"heading.default\">\n\t\t\t\t<div class=\"elementor-widget-container\">\n\t\t\t\t\t<h2 class=\"elementor-heading-title elementor-size-default\">Outils pour les patients<\/h2>\t\t\t\t<\/div>\n\t\t\t\t<\/div>\n\t\t\t\t<div class=\"elementor-element elementor-element-7154e49 elementor-widget elementor-widget-text-editor\" data-id=\"7154e49\" data-element_type=\"widget\" data-widget_type=\"text-editor.default\">\n\t\t\t\t<div class=\"elementor-widget-container\">\n\t\t\t\t\t\t\t\t\t<p>Notre gamme d\u2019outils num\u00e9riques est con\u00e7ue pour aider les personnes \u00e0 mieux g\u00e9rer leur parcours de cancer du sein gr\u00e2ce \u00e0 l\u2019\u00e9ducation, \u00e0 la recherche et \u00e0 des informations personnalis\u00e9es, tout en rehaussant la voix des patients.<\/p>\t\t\t\t\t\t\t\t<\/div>\n\t\t\t\t<\/div>\n\t\t\t\t<div class=\"elementor-element elementor-element-9cc04a9 elementor-widget elementor-widget-button\" data-id=\"9cc04a9\" data-element_type=\"widget\" data-widget_type=\"button.default\">\n\t\t\t\t<div class=\"elementor-widget-container\">\n\t\t\t\t\t\t\t\t\t<div class=\"elementor-button-wrapper\">\n\t\t\t\t\t<a class=\"elementor-button elementor-button-link elementor-size-sm\" href=\"https:\/\/breastcancer.ca\/fr\/outils-pour-les-patients\/\">\n\t\t\t\t\t\t<span class=\"elementor-button-content-wrapper\">\n\t\t\t\t\t\t\t\t\t<span class=\"elementor-button-text\">En savoir plus<\/span>\n\t\t\t\t\t<\/span>\n\t\t\t\t\t<\/a>\n\t\t\t\t<\/div>\n\t\t\t\t\t\t\t\t<\/div>\n\t\t\t\t<\/div>\n\t\t\t\t<\/div>\n\t\t<div class=\"elementor-element elementor-element-9ba880e e-con-full e-flex e-con e-child\" data-id=\"9ba880e\" data-element_type=\"container\" data-settings=\"{&quot;background_background&quot;:&quot;classic&quot;}\">\n\t\t\t\t<div class=\"elementor-element elementor-element-9a0d9f3 elementor-widget elementor-widget-heading\" data-id=\"9a0d9f3\" data-element_type=\"widget\" data-widget_type=\"heading.default\">\n\t\t\t\t<div class=\"elementor-widget-container\">\n\t\t\t\t\t<h2 class=\"elementor-heading-title elementor-size-default\">Histoires de patientes<\/h2>\t\t\t\t<\/div>\n\t\t\t\t<\/div>\n\t\t\t\t<div class=\"elementor-element elementor-element-5cd86ab elementor-widget elementor-widget-text-editor\" data-id=\"5cd86ab\" data-element_type=\"widget\" data-widget_type=\"text-editor.default\">\n\t\t\t\t<div class=\"elementor-widget-container\">\n\t\t\t\t\t\t\t\t\t<p>Chaque parcours face au cancer du sein est unique, mais ensemble, ces histoires dressent un tableau puissant du progr\u00e8s. \u00c0 travers des t\u00e9moignages de premi\u00e8re main de patients et de survivants, nous partageons des histoires qui mettent en lumi\u00e8re les exp\u00e9riences v\u00e9cues du cancer du sein. <\/p>\t\t\t\t\t\t\t\t<\/div>\n\t\t\t\t<\/div>\n\t\t\t\t<div class=\"elementor-element elementor-element-0bc1079 elementor-widget elementor-widget-button\" data-id=\"0bc1079\" data-element_type=\"widget\" data-widget_type=\"button.default\">\n\t\t\t\t<div class=\"elementor-widget-container\">\n\t\t\t\t\t\t\t\t\t<div class=\"elementor-button-wrapper\">\n\t\t\t\t\t<a class=\"elementor-button elementor-button-link elementor-size-sm\" href=\"https:\/\/breastcancer.ca\/fr\/histoires-de-patientes\/\">\n\t\t\t\t\t\t<span class=\"elementor-button-content-wrapper\">\n\t\t\t\t\t\t\t\t\t<span class=\"elementor-button-text\">Lire la suite<\/span>\n\t\t\t\t\t<\/span>\n\t\t\t\t\t<\/a>\n\t\t\t\t<\/div>\n\t\t\t\t\t\t\t\t<\/div>\n\t\t\t\t<\/div>\n\t\t\t\t<\/div>\n\t\t<div class=\"elementor-element elementor-element-d630690 e-con-full e-flex e-con e-child\" data-id=\"d630690\" data-element_type=\"container\" data-settings=\"{&quot;background_background&quot;:&quot;classic&quot;}\">\n\t\t\t\t<div class=\"elementor-element elementor-element-ac1d66e elementor-widget elementor-widget-heading\" data-id=\"ac1d66e\" data-element_type=\"widget\" data-widget_type=\"heading.default\">\n\t\t\t\t<div class=\"elementor-widget-container\">\n\t\t\t\t\t<h2 class=\"elementor-heading-title elementor-size-default\">Alimenter le progr\u00e8s<\/h2>\t\t\t\t<\/div>\n\t\t\t\t<\/div>\n\t\t\t\t<div class=\"elementor-element elementor-element-75b0e01 elementor-widget elementor-widget-text-editor\" data-id=\"75b0e01\" data-element_type=\"widget\" data-widget_type=\"text-editor.default\">\n\t\t\t\t<div class=\"elementor-widget-container\">\n\t\t\t\t\t\t\t\t\t<p>Le progr\u00e8s se produit lorsque nous y investissons. Le Canada abrite certains des esprits les plus brillants en recherche. Ensemble, nous faisons progresser la science, en veillant \u00e0 ce qu&rsquo;elle m\u00e8ne \u00e0 une d\u00e9tection plus pr\u00e9coce, de meilleurs traitements et de meilleurs r\u00e9sultats pour les patients \u00e0 travers le pays.  <\/p>\t\t\t\t\t\t\t\t<\/div>\n\t\t\t\t<\/div>\n\t\t\t\t<div class=\"elementor-element elementor-element-166a4f9 elementor-widget elementor-widget-button\" data-id=\"166a4f9\" data-element_type=\"widget\" data-widget_type=\"button.default\">\n\t\t\t\t<div class=\"elementor-widget-container\">\n\t\t\t\t\t\t\t\t\t<div class=\"elementor-button-wrapper\">\n\t\t\t\t\t<a class=\"elementor-button elementor-button-link elementor-size-sm\" href=\"https:\/\/breastcancer.ca\/fr\/simpliquer\/\">\n\t\t\t\t\t\t<span class=\"elementor-button-content-wrapper\">\n\t\t\t\t\t\t\t\t\t<span class=\"elementor-button-text\">Soutenir la recherche sur le cancer du sein<\/span>\n\t\t\t\t\t<\/span>\n\t\t\t\t\t<\/a>\n\t\t\t\t<\/div>\n\t\t\t\t\t\t\t\t<\/div>\n\t\t\t\t<\/div>\n\t\t\t\t<\/div>\n\t\t\t\t<\/div>\n\t\t\t\t\t<\/div>\n\t\t\t\t<\/div>\n\t\t\t\t<\/div>\n\t\t","protected":false},"excerpt":{"rendered":"<p>Centres r\u00e9gionaux Nos centres r\u00e9gionaux g\u00e9r\u00e9s par des b\u00e9n\u00e9voles sont une partie int\u00e9grante de Cancer du sein Canada. Rendre la recherche locale. G\u00e9n\u00e9rer un impact mesurable \u00e0 l&rsquo;\u00e9chelle nationale. Nos centres r\u00e9gionaux sont un \u00e9l\u00e9ment essentiel du mouvement de base de Cancer du sein Canada, unissant les communaut\u00e9s d&rsquo;un oc\u00e9an \u00e0 l&rsquo;autre pour soutenir la [&hellip;]<\/p>\n","protected":false},"author":1,"featured_media":0,"parent":0,"menu_order":0,"comment_status":"closed","ping_status":"closed","template":"","meta":{"_acf_changed":false,"footnotes":""},"class_list":["post-15497","page","type-page","status-publish","hentry"],"acf":[],"yoast_head":"<!-- This site is optimized with the Yoast SEO plugin v26.5 - https:\/\/yoast.com\/wordpress\/plugins\/seo\/ -->\n<title>Centres r\u00e9gionaux - Breast Cancer Canada<\/title>\n<meta name=\"robots\" content=\"index, follow, max-snippet:-1, max-image-preview:large, max-video-preview:-1\" \/>\n<link rel=\"canonical\" href=\"https:\/\/breastcancer.ca\/fr\/centres-regionaux\/\" \/>\n<meta property=\"og:locale\" content=\"fr_FR\" \/>\n<meta property=\"og:type\" content=\"article\" \/>\n<meta property=\"og:title\" content=\"Centres r\u00e9gionaux - Breast Cancer Canada\" \/>\n<meta property=\"og:description\" content=\"Centres r\u00e9gionaux Nos centres r\u00e9gionaux g\u00e9r\u00e9s par des b\u00e9n\u00e9voles sont une partie int\u00e9grante de Cancer du sein Canada. Rendre la recherche locale. G\u00e9n\u00e9rer un impact mesurable \u00e0 l&rsquo;\u00e9chelle nationale. Nos centres r\u00e9gionaux sont un \u00e9l\u00e9ment essentiel du mouvement de base de Cancer du sein Canada, unissant les communaut\u00e9s d&rsquo;un oc\u00e9an \u00e0 l&rsquo;autre pour soutenir la [&hellip;]\" \/>\n<meta property=\"og:url\" content=\"https:\/\/breastcancer.ca\/fr\/centres-regionaux\/\" \/>\n<meta property=\"og:site_name\" content=\"Breast Cancer Canada\" \/>\n<meta property=\"article:modified_time\" content=\"2025-10-09T00:20:50+00:00\" \/>\n<meta property=\"og:image\" content=\"https:\/\/breastcancer.ca\/wp-content\/uploads\/2025\/06\/DSC03039.webp\" \/>\n\t<meta property=\"og:image:width\" content=\"1152\" \/>\n\t<meta property=\"og:image:height\" content=\"2048\" \/>\n\t<meta property=\"og:image:type\" content=\"image\/webp\" \/>\n<meta name=\"twitter:card\" content=\"summary_large_image\" \/>\n<meta name=\"twitter:label1\" content=\"Dur\u00e9e de lecture estim\u00e9e\" \/>\n\t<meta name=\"twitter:data1\" content=\"29 minutes\" \/>\n<script type=\"application\/ld+json\" class=\"yoast-schema-graph\">{\"@context\":\"https:\/\/schema.org\",\"@graph\":[{\"@type\":\"WebPage\",\"@id\":\"https:\/\/breastcancer.ca\/fr\/centres-regionaux\/\",\"url\":\"https:\/\/breastcancer.ca\/fr\/centres-regionaux\/\",\"name\":\"Centres r\u00e9gionaux - Breast Cancer Canada\",\"isPartOf\":{\"@id\":\"https:\/\/breastcancer.ca\/fr\/#website\"},\"primaryImageOfPage\":{\"@id\":\"https:\/\/breastcancer.ca\/fr\/centres-regionaux\/#primaryimage\"},\"image\":{\"@id\":\"https:\/\/breastcancer.ca\/fr\/centres-regionaux\/#primaryimage\"},\"thumbnailUrl\":\"https:\/\/breastcancer.ca\/wp-content\/uploads\/2025\/06\/DSC03039-576x1024.webp\",\"datePublished\":\"2025-06-23T23:01:54+00:00\",\"dateModified\":\"2025-10-09T00:20:50+00:00\",\"breadcrumb\":{\"@id\":\"https:\/\/breastcancer.ca\/fr\/centres-regionaux\/#breadcrumb\"},\"inLanguage\":\"fr-FR\",\"potentialAction\":[{\"@type\":\"ReadAction\",\"target\":[\"https:\/\/breastcancer.ca\/fr\/centres-regionaux\/\"]}]},{\"@type\":\"ImageObject\",\"inLanguage\":\"fr-FR\",\"@id\":\"https:\/\/breastcancer.ca\/fr\/centres-regionaux\/#primaryimage\",\"url\":\"https:\/\/breastcancer.ca\/wp-content\/uploads\/2025\/06\/DSC03039-576x1024.webp\",\"contentUrl\":\"https:\/\/breastcancer.ca\/wp-content\/uploads\/2025\/06\/DSC03039-576x1024.webp\"},{\"@type\":\"BreadcrumbList\",\"@id\":\"https:\/\/breastcancer.ca\/fr\/centres-regionaux\/#breadcrumb\",\"itemListElement\":[{\"@type\":\"ListItem\",\"position\":1,\"name\":\"Home\",\"item\":\"https:\/\/breastcancer.ca\/fr\/accueil\/\"},{\"@type\":\"ListItem\",\"position\":2,\"name\":\"Centres r\u00e9gionaux\"}]},{\"@type\":\"WebSite\",\"@id\":\"https:\/\/breastcancer.ca\/fr\/#website\",\"url\":\"https:\/\/breastcancer.ca\/fr\/\",\"name\":\"Breast Cancer Canada\",\"description\":\"The more we know, the sooner we can end breast cancer.\",\"publisher\":{\"@id\":\"https:\/\/breastcancer.ca\/fr\/#organization\"},\"potentialAction\":[{\"@type\":\"SearchAction\",\"target\":{\"@type\":\"EntryPoint\",\"urlTemplate\":\"https:\/\/breastcancer.ca\/fr\/?s={search_term_string}\"},\"query-input\":{\"@type\":\"PropertyValueSpecification\",\"valueRequired\":true,\"valueName\":\"search_term_string\"}}],\"inLanguage\":\"fr-FR\"},{\"@type\":\"Organization\",\"@id\":\"https:\/\/breastcancer.ca\/fr\/#organization\",\"name\":\"Breast Cancer Canada\",\"url\":\"https:\/\/breastcancer.ca\/fr\/\",\"logo\":{\"@type\":\"ImageObject\",\"inLanguage\":\"fr-FR\",\"@id\":\"https:\/\/breastcancer.ca\/fr\/#\/schema\/logo\/image\/\",\"url\":\"https:\/\/breastcancer.ca\/wp-content\/uploads\/2025\/04\/BCC_Logo_endscreen.png\",\"contentUrl\":\"https:\/\/breastcancer.ca\/wp-content\/uploads\/2025\/04\/BCC_Logo_endscreen.png\",\"width\":1456,\"height\":260,\"caption\":\"Breast Cancer Canada\"},\"image\":{\"@id\":\"https:\/\/breastcancer.ca\/fr\/#\/schema\/logo\/image\/\"}}]}<\/script>\n<!-- \/ Yoast SEO plugin. -->","yoast_head_json":{"title":"Centres r\u00e9gionaux - Breast Cancer Canada","robots":{"index":"index","follow":"follow","max-snippet":"max-snippet:-1","max-image-preview":"max-image-preview:large","max-video-preview":"max-video-preview:-1"},"canonical":"https:\/\/breastcancer.ca\/fr\/centres-regionaux\/","og_locale":"fr_FR","og_type":"article","og_title":"Centres r\u00e9gionaux - Breast Cancer Canada","og_description":"Centres r\u00e9gionaux Nos centres r\u00e9gionaux g\u00e9r\u00e9s par des b\u00e9n\u00e9voles sont une partie int\u00e9grante de Cancer du sein Canada. Rendre la recherche locale. G\u00e9n\u00e9rer un impact mesurable \u00e0 l&rsquo;\u00e9chelle nationale. Nos centres r\u00e9gionaux sont un \u00e9l\u00e9ment essentiel du mouvement de base de Cancer du sein Canada, unissant les communaut\u00e9s d&rsquo;un oc\u00e9an \u00e0 l&rsquo;autre pour soutenir la [&hellip;]","og_url":"https:\/\/breastcancer.ca\/fr\/centres-regionaux\/","og_site_name":"Breast Cancer Canada","article_modified_time":"2025-10-09T00:20:50+00:00","og_image":[{"width":1152,"height":2048,"url":"https:\/\/breastcancer.ca\/wp-content\/uploads\/2025\/06\/DSC03039.webp","type":"image\/webp"}],"twitter_card":"summary_large_image","twitter_misc":{"Dur\u00e9e de lecture estim\u00e9e":"29 minutes"},"schema":{"@context":"https:\/\/schema.org","@graph":[{"@type":"WebPage","@id":"https:\/\/breastcancer.ca\/fr\/centres-regionaux\/","url":"https:\/\/breastcancer.ca\/fr\/centres-regionaux\/","name":"Centres r\u00e9gionaux - Breast Cancer Canada","isPartOf":{"@id":"https:\/\/breastcancer.ca\/fr\/#website"},"primaryImageOfPage":{"@id":"https:\/\/breastcancer.ca\/fr\/centres-regionaux\/#primaryimage"},"image":{"@id":"https:\/\/breastcancer.ca\/fr\/centres-regionaux\/#primaryimage"},"thumbnailUrl":"https:\/\/breastcancer.ca\/wp-content\/uploads\/2025\/06\/DSC03039-576x1024.webp","datePublished":"2025-06-23T23:01:54+00:00","dateModified":"2025-10-09T00:20:50+00:00","breadcrumb":{"@id":"https:\/\/breastcancer.ca\/fr\/centres-regionaux\/#breadcrumb"},"inLanguage":"fr-FR","potentialAction":[{"@type":"ReadAction","target":["https:\/\/breastcancer.ca\/fr\/centres-regionaux\/"]}]},{"@type":"ImageObject","inLanguage":"fr-FR","@id":"https:\/\/breastcancer.ca\/fr\/centres-regionaux\/#primaryimage","url":"https:\/\/breastcancer.ca\/wp-content\/uploads\/2025\/06\/DSC03039-576x1024.webp","contentUrl":"https:\/\/breastcancer.ca\/wp-content\/uploads\/2025\/06\/DSC03039-576x1024.webp"},{"@type":"BreadcrumbList","@id":"https:\/\/breastcancer.ca\/fr\/centres-regionaux\/#breadcrumb","itemListElement":[{"@type":"ListItem","position":1,"name":"Home","item":"https:\/\/breastcancer.ca\/fr\/accueil\/"},{"@type":"ListItem","position":2,"name":"Centres r\u00e9gionaux"}]},{"@type":"WebSite","@id":"https:\/\/breastcancer.ca\/fr\/#website","url":"https:\/\/breastcancer.ca\/fr\/","name":"Breast Cancer Canada","description":"The more we know, the sooner we can end breast cancer.","publisher":{"@id":"https:\/\/breastcancer.ca\/fr\/#organization"},"potentialAction":[{"@type":"SearchAction","target":{"@type":"EntryPoint","urlTemplate":"https:\/\/breastcancer.ca\/fr\/?s={search_term_string}"},"query-input":{"@type":"PropertyValueSpecification","valueRequired":true,"valueName":"search_term_string"}}],"inLanguage":"fr-FR"},{"@type":"Organization","@id":"https:\/\/breastcancer.ca\/fr\/#organization","name":"Breast Cancer Canada","url":"https:\/\/breastcancer.ca\/fr\/","logo":{"@type":"ImageObject","inLanguage":"fr-FR","@id":"https:\/\/breastcancer.ca\/fr\/#\/schema\/logo\/image\/","url":"https:\/\/breastcancer.ca\/wp-content\/uploads\/2025\/04\/BCC_Logo_endscreen.png","contentUrl":"https:\/\/breastcancer.ca\/wp-content\/uploads\/2025\/04\/BCC_Logo_endscreen.png","width":1456,"height":260,"caption":"Breast Cancer Canada"},"image":{"@id":"https:\/\/breastcancer.ca\/fr\/#\/schema\/logo\/image\/"}}]}},"_links":{"self":[{"href":"https:\/\/breastcancer.ca\/fr\/wp-json\/wp\/v2\/pages\/15497","targetHints":{"allow":["GET"]}}],"collection":[{"href":"https:\/\/breastcancer.ca\/fr\/wp-json\/wp\/v2\/pages"}],"about":[{"href":"https:\/\/breastcancer.ca\/fr\/wp-json\/wp\/v2\/types\/page"}],"author":[{"embeddable":true,"href":"https:\/\/breastcancer.ca\/fr\/wp-json\/wp\/v2\/users\/1"}],"replies":[{"embeddable":true,"href":"https:\/\/breastcancer.ca\/fr\/wp-json\/wp\/v2\/comments?post=15497"}],"version-history":[{"count":1,"href":"https:\/\/breastcancer.ca\/fr\/wp-json\/wp\/v2\/pages\/15497\/revisions"}],"predecessor-version":[{"id":15507,"href":"https:\/\/breastcancer.ca\/fr\/wp-json\/wp\/v2\/pages\/15497\/revisions\/15507"}],"wp:attachment":[{"href":"https:\/\/breastcancer.ca\/fr\/wp-json\/wp\/v2\/media?parent=15497"}],"curies":[{"name":"wp","href":"https:\/\/api.w.org\/{rel}","templated":true}]}}